{"id":2143,"date":"2024-02-21T12:31:07","date_gmt":"2024-02-21T15:31:07","guid":{"rendered":"https:\/\/virtual.unne.edu.ar\/SIED-UV\/?page_id=2143"},"modified":"2026-02-27T10:00:52","modified_gmt":"2026-02-27T13:00:52","slug":"hacia-la-bimodalidad-en-la-unne","status":"publish","type":"page","link":"https:\/\/virtual.unne.edu.ar\/SIED-UV\/sied\/programas\/hacia-la-bimodalidad-en-la-unne\/","title":{"rendered":"Hacia la Bimodalidad en la UNNE"},"content":{"rendered":"\n<p><\/p>\n\n\n\n<figure class=\"wp-block-image size-large\"><img decoding=\"async\" loading=\"lazy\" width=\"1024\" height=\"252\" src=\"https:\/\/virtual.unne.edu.ar\/SIED-UV\/wp-content\/uploads\/2024\/02\/formatos-publicaciones-web-30-1-1024x252.jpg\" alt=\"\" class=\"wp-image-2146\" srcset=\"https:\/\/virtual.unne.edu.ar\/SIED-UV\/wp-content\/uploads\/2024\/02\/formatos-publicaciones-web-30-1-1024x252.jpg 1024w, https:\/\/virtual.unne.edu.ar\/SIED-UV\/wp-content\/uploads\/2024\/02\/formatos-publicaciones-web-30-1-300x74.jpg 300w, https:\/\/virtual.unne.edu.ar\/SIED-UV\/wp-content\/uploads\/2024\/02\/formatos-publicaciones-web-30-1-768x189.jpg 768w, https:\/\/virtual.unne.edu.ar\/SIED-UV\/wp-content\/uploads\/2024\/02\/formatos-publicaciones-web-30-1-1536x378.jpg 1536w, https:\/\/virtual.unne.edu.ar\/SIED-UV\/wp-content\/uploads\/2024\/02\/formatos-publicaciones-web-30-1.jpg 1770w\" sizes=\"(max-width: 1024px) 100vw, 1024px\" \/><\/figure>\n\n\n\n<div style=\"height:76px\" aria-hidden=\"true\" class=\"wp-block-spacer\"><\/div>\n\n\n\n<p>La Secretar\u00eda General Acad\u00e9mica y el Sistema Institucional de Educaci\u00f3n a Distancia apuestan fortalecer las trayectorias estudiantiles, propiciar el acceso al conocimiento en diferentes escenarios y desarrollar competencias digitales que aporten a un proceso formativo de calidad y pertinencia social.<\/p>\n\n\n\n<p>Se busca generar espacios formativos para el grado, que permitan a los estudiantes transitar entre diferentes modalidades seg\u00fan sus posibilidades y necesidades actuales.<\/p>\n\n\n\n<p>El Sistema Institucional de Educaci\u00f3n a Distancia (SIED) de la UNNE <strong>&nbsp;<\/strong>contin\u00faa la integraci\u00f3n de la EaD a la vida acad\u00e9mica, a la planificaci\u00f3n curricular y dise\u00f1o de nuevas carreras. Reconoce la importancia de fortalecer la capacitaci\u00f3n de los actores involucrados, promover el desarrollo de propuestas educativas a distancia y evaluar la calidad de los procesos de integraci\u00f3n de tecnolog\u00edas en la ense\u00f1anza y el aprendizaje.<\/p>\n\n\n\n<div style=\"height:82px\" aria-hidden=\"true\" class=\"wp-block-spacer\"><\/div>\n\n\n\n<h3 class=\"wp-block-heading has-text-color has-background\" style=\"color:#fefefe;background-color:#023742;font-size:18px;font-style:normal;font-weight:600\">CONVOCATORIA <\/h3>\n\n\n\n<h3 class=\"wp-block-heading has-text-color has-background\" style=\"color:#f7931e;background-color:#055e64;font-size:20px;font-style:normal;font-weight:600;text-transform:uppercase\">ConvocatoriaPresentaci\u00f3n de proyectos de virtualizaci\u00f3n de las asignaturas de las carreras de grado en la UNNE.<\/h3>\n\n\n\n<div style=\"height:46px\" aria-hidden=\"true\" class=\"wp-block-spacer\"><\/div>\n\n\n\n<p>Esta primera convocatoria apunta <em><strong>a i<\/strong><\/em><strong><em>mpulsar la virtualizaci\u00f3n de asignaturas para la modalidad totalmente a distancia.<\/em><\/strong><\/p>\n\n\n\n<p class=\"has-text-align-center\"><em><strong><a rel=\"noreferrer noopener\" href=\"https:\/\/drive.google.com\/file\/d\/1Xhklf-69i_IWTe_mGIfE5jtQw5Q87pDR\/view\" target=\"_blank\">Fu\u00e9 aprobada por Resoluci\u00f3n 118\/24 CS<\/a><\/strong><\/em><\/p>\n\n\n\n<p class=\"has-text-align-center\"><em>En el 2024  se recibieron 50 solicitudes.<\/em><\/p>\n\n\n\n<div style=\"height:46px\" aria-hidden=\"true\" class=\"wp-block-spacer\"><\/div>\n\n\n\n<div class=\"wp-block-columns is-layout-flex wp-container-2 wp-block-columns-is-layout-flex\">\n<div class=\"wp-block-column is-layout-flow wp-block-column-is-layout-flow\">\n<p class=\"has-text-align-center has-text-color has-background has-medium-font-size\" style=\"color:#055e64;background-color:#f7931e\"><strong>Convocatoria 2026 &#8211; ABIERTA &#8211; <\/strong>hasta el<strong> 20 <\/strong>de marzo de 2026<\/p>\n\n\n\n<p class=\"has-text-align-center\"><\/p>\n<\/div>\n<\/div>\n\n\n\n<div style=\"height:46px\" aria-hidden=\"true\" class=\"wp-block-spacer\"><\/div>\n\n\n\n<h3 class=\"wp-block-heading has-text-color\" style=\"color:#f7931e;font-size:24px;font-style:normal;font-weight:600\"><strong>OBJETIVOS<\/strong><\/h3>\n\n\n\n<p>El objetivo de la convocatoria es fortalecer las oportunidades formativas para los estudiantes de grado, con diferentes alternativas de cursado que aporten a un proceso de transici\u00f3n de calidad hacia la bimodalidad de la UNNE, a la vez que colaboren con el cumplimiento de los compromisos y normas a nivel nacional y ante la comunidad internacional, en relaci\u00f3n a la educaci\u00f3n inclusiva y de calidad.<\/p>\n\n\n\n<p>En particular, se busca propiciar proyectos que realicen adecuaciones curriculares espec\u00edficas a los escenarios combinados en los que van a ser desarrollados, generando altos niveles de interacci\u00f3n mediada, trabajo colaborativo entre pares y el desarrollo de habilidades de pensamiento de orden superior.&nbsp;<\/p>\n\n\n\n<div style=\"height:46px\" aria-hidden=\"true\" class=\"wp-block-spacer\"><\/div>\n\n\n\n<h3 class=\"wp-block-heading has-text-color\" style=\"color:#f7931e;font-size:24px\"><strong>\u00bfQUI\u00c9NES PUEDEN PRESENTARSE?<\/strong><\/h3>\n\n\n\n<p>Podr\u00e1n presentarse proyectos curriculares de <strong>asignaturas de grado<\/strong>, que puedan desarrollar actividades en la modalidad a distancia, con el uso de los recursos tecnol\u00f3gicos institucionales disponibles y que ofrezcan propuestas innovadoras.<\/p>\n\n\n\n<p>Se espera que los proyectos elegibles en el presente llamado desarrollen, durante su puesta en marcha, los siguientes criterios:<\/p>\n\n\n\n<ul>\n<li>Pertinencia y coherencia de la propuesta: Los objetivos, contenidos, las estrategias metodol\u00f3gicas acordes con la opci\u00f3n pedag\u00f3gica a distancia, propuestas de evaluaci\u00f3n, tiempos y recursos.<\/li>\n\n\n\n<li>&nbsp;Innovaci\u00f3n pedag\u00f3gica del proyecto:<\/li>\n\n\n\n<li>Capacidad de gesti\u00f3n para los escenarios combinados<\/li>\n\n\n\n<li>Acompa\u00f1amiento para la gesti\u00f3n de los aprendizajes: descripci\u00f3n de un plan de acci\u00f3n tutorial.<\/li>\n\n\n\n<li>Evaluaci\u00f3n de la propuesta y de los aprendizajes: Incorpora evaluaci\u00f3n multim\u00e9todo con TIC, de proceso y como sistema. Incluye instrumentos y criterios.<\/li>\n<\/ul>\n\n\n\n<div style=\"height:46px\" aria-hidden=\"true\" class=\"wp-block-spacer\"><\/div>\n\n\n\n<div style=\"height:46px\" aria-hidden=\"true\" class=\"wp-block-spacer\"><\/div>\n\n\n\n<p class=\"has-text-color\" style=\"color:#f7931e;font-size:24px\"><strong>PRESENTACI\u00d3N Y ADMISI\u00d3N<\/strong><\/p>\n\n\n\n<div class=\"wp-block-media-text is-stacked-on-mobile is-vertically-aligned-top\" style=\"grid-template-columns:15% auto\"><figure class=\"wp-block-media-text__media\"><img decoding=\"async\" loading=\"lazy\" width=\"770\" height=\"568\" src=\"https:\/\/virtual.unne.edu.ar\/SIED-UV\/wp-content\/uploads\/2024\/02\/LOGOS-13.png\" alt=\"\" class=\"wp-image-2205 size-full\" srcset=\"https:\/\/virtual.unne.edu.ar\/SIED-UV\/wp-content\/uploads\/2024\/02\/LOGOS-13.png 770w, https:\/\/virtual.unne.edu.ar\/SIED-UV\/wp-content\/uploads\/2024\/02\/LOGOS-13-300x221.png 300w, https:\/\/virtual.unne.edu.ar\/SIED-UV\/wp-content\/uploads\/2024\/02\/LOGOS-13-768x567.png 768w\" sizes=\"(max-width: 770px) 100vw, 770px\" \/><\/figure><div class=\"wp-block-media-text__content\">\n<p class=\"has-verde-056168-color has-text-color has-medium-font-size\"><strong>POSTULACI\u00d3N:  <\/strong>La presentaci\u00f3n deber\u00e1 ser realizada por el responsable de la Asignatura, mediante los siguientes formularios.<\/p>\n\n\n\n<div class=\"wp-block-buttons is-layout-flex wp-block-buttons-is-layout-flex\">\n<div class=\"wp-block-button has-custom-font-size\" style=\"font-size:16px\"><a class=\"wp-block-button__link has-background wp-element-button\" href=\"https:\/\/forms.gle\/wuT6B7gp9hgoGo289\" style=\"background-color:#055c62\">F1 &#8211; Antecedentes y experiencias en EaD<\/a><\/div>\n<\/div>\n\n\n\n<div style=\"height:12px\" aria-hidden=\"true\" class=\"wp-block-spacer\"><\/div>\n\n\n\n<div class=\"wp-block-buttons is-layout-flex wp-block-buttons-is-layout-flex\">\n<div class=\"wp-block-button has-custom-font-size\" style=\"font-size:16px\"><a class=\"wp-block-button__link has-background wp-element-button\" href=\"https:\/\/forms.gle\/tLURK2T3au1CjcGw8\" style=\"background-color:#055c62\">F2 &#8211; Presentaci\u00f3n del Proyecto<\/a><\/div>\n<\/div>\n\n\n\n<div style=\"height:14px\" aria-hidden=\"true\" class=\"wp-block-spacer\"><\/div>\n\n\n\n<p>En este formulario deber\u00e1 adjuntar:<\/p>\n\n\n\n<ul>\n<li>Programa de la Asignatura<\/li>\n\n\n\n<li>Estrategia metodol\u00f3gica \/ planificaci\u00f3n  vinculada a la opci\u00f3n pedag\u00f3gica a distancia, correspondiente a, por lo menos, el primer mes de cursado. <\/li>\n\n\n\n<li>Cronograma.  <\/li>\n\n\n\n<li>Link del aula virtual de la Asignatura.  <\/li>\n<\/ul>\n\n\n\n<p>El aula virtual de la Asignatura deber\u00e1 contener:<\/p>\n\n\n\n<ul>\n<li>Dise\u00f1o de los materiales de estudio y desarrollo de las gu\u00edas de aprendizaje, correspondientes primer mes de cursado.<\/li>\n<\/ul>\n\n\n<div class=\"wp-block-image is-style-default\">\n<figure class=\"alignleft size-thumbnail is-resized\"><img decoding=\"async\" loading=\"lazy\" width=\"150\" height=\"150\" src=\"https:\/\/virtual.unne.edu.ar\/SIED-UV\/wp-content\/uploads\/2024\/02\/1485477027-attention_78563-150x150.png\" alt=\"\" class=\"wp-image-2181\" style=\"aspect-ratio:1;width:62px;height:auto\" srcset=\"https:\/\/virtual.unne.edu.ar\/SIED-UV\/wp-content\/uploads\/2024\/02\/1485477027-attention_78563-150x150.png 150w, https:\/\/virtual.unne.edu.ar\/SIED-UV\/wp-content\/uploads\/2024\/02\/1485477027-attention_78563-300x300.png 300w, https:\/\/virtual.unne.edu.ar\/SIED-UV\/wp-content\/uploads\/2024\/02\/1485477027-attention_78563.png 512w\" sizes=\"(max-width: 150px) 100vw, 150px\" \/><\/figure><\/div>\n\n\n<p><em>La presentaci\u00f3n se considerar\u00e1 realizada al llenar los formularios.<\/em><\/p>\n<\/div><\/div>\n\n\n\n<div style=\"height:34px\" aria-hidden=\"true\" class=\"wp-block-spacer\"><\/div>\n\n\n\n<div class=\"wp-block-media-text is-stacked-on-mobile is-vertically-aligned-center\" style=\"grid-template-columns:15% auto\"><figure class=\"wp-block-media-text__media\"><img decoding=\"async\" loading=\"lazy\" width=\"771\" height=\"567\" src=\"https:\/\/virtual.unne.edu.ar\/SIED-UV\/wp-content\/uploads\/2024\/02\/LOGOS-14.png\" alt=\"\" class=\"wp-image-2206 size-medium\" srcset=\"https:\/\/virtual.unne.edu.ar\/SIED-UV\/wp-content\/uploads\/2024\/02\/LOGOS-14.png 771w, https:\/\/virtual.unne.edu.ar\/SIED-UV\/wp-content\/uploads\/2024\/02\/LOGOS-14-300x221.png 300w, https:\/\/virtual.unne.edu.ar\/SIED-UV\/wp-content\/uploads\/2024\/02\/LOGOS-14-768x565.png 768w\" sizes=\"(max-width: 771px) 100vw, 771px\" \/><\/figure><div class=\"wp-block-media-text__content\">\n<p class=\"has-negro-color has-text-color\"><strong>VERIFICACI\u00d3N:  <\/strong>La UA verificar\u00e1 la correcta presentaci\u00f3n de los Formularios de solicitud para participar de la convocatoria. En caso de estar completos admitir\u00e1 su entrada al circuito de la convocatoria.<\/p>\n<\/div><\/div>\n\n\n\n<div style=\"height:38px\" aria-hidden=\"true\" class=\"wp-block-spacer\"><\/div>\n\n\n\n<div class=\"wp-block-media-text is-stacked-on-mobile is-vertically-aligned-center\" style=\"grid-template-columns:15% auto\"><figure class=\"wp-block-media-text__media\"><img decoding=\"async\" loading=\"lazy\" width=\"771\" height=\"568\" src=\"https:\/\/virtual.unne.edu.ar\/SIED-UV\/wp-content\/uploads\/2024\/02\/LOGOS-15.png\" alt=\"\" class=\"wp-image-2207 size-medium\" srcset=\"https:\/\/virtual.unne.edu.ar\/SIED-UV\/wp-content\/uploads\/2024\/02\/LOGOS-15.png 771w, https:\/\/virtual.unne.edu.ar\/SIED-UV\/wp-content\/uploads\/2024\/02\/LOGOS-15-300x221.png 300w, https:\/\/virtual.unne.edu.ar\/SIED-UV\/wp-content\/uploads\/2024\/02\/LOGOS-15-768x566.png 768w\" sizes=\"(max-width: 771px) 100vw, 771px\" \/><\/figure><div class=\"wp-block-media-text__content\">\n<p><strong>ADMISI\u00d3N:  <\/strong>El representante de la CCEV de la UA evaluar\u00e1 CONDICIONES DE ADMISIBILIDAD del proyecto presentado.<\/p>\n<\/div><\/div>\n\n\n\n<div style=\"height:33px\" aria-hidden=\"true\" class=\"wp-block-spacer\"><\/div>\n\n\n\n<div class=\"wp-block-media-text is-stacked-on-mobile is-vertically-aligned-top\" style=\"grid-template-columns:29% auto\"><figure class=\"wp-block-media-text__media\"><img decoding=\"async\" loading=\"lazy\" width=\"1024\" height=\"427\" src=\"https:\/\/virtual.unne.edu.ar\/SIED-UV\/wp-content\/uploads\/2024\/02\/LOGOS-16-1024x427.png\" alt=\"\" class=\"wp-image-2208 size-medium\" srcset=\"https:\/\/virtual.unne.edu.ar\/SIED-UV\/wp-content\/uploads\/2024\/02\/LOGOS-16-1024x427.png 1024w, https:\/\/virtual.unne.edu.ar\/SIED-UV\/wp-content\/uploads\/2024\/02\/LOGOS-16-300x125.png 300w, https:\/\/virtual.unne.edu.ar\/SIED-UV\/wp-content\/uploads\/2024\/02\/LOGOS-16-768x320.png 768w, https:\/\/virtual.unne.edu.ar\/SIED-UV\/wp-content\/uploads\/2024\/02\/LOGOS-16.png 1361w\" sizes=\"(max-width: 1024px) 100vw, 1024px\" \/><\/figure><div class=\"wp-block-media-text__content\">\n<p><strong>EVALUACI\u00d3N: <\/strong>La UnEAU ser\u00e1 responsable de la EVALUACI\u00d3N DE PROYECTOS ADMITIDOS, las presentaciones admitidas ser\u00e1n sometidas a la evaluaci\u00f3n de especialistas coordinadas por la UnEAU que analizar\u00e1 cada una de las propuestas en funci\u00f3n de los siguientes criterios <strong>(<a href=\"https:\/\/drive.google.com\/file\/d\/14ICcVvaCfjgAwYLC5Gnd55S4KIhcVBhX\/view?usp=drive_link\" data-type=\"link\" data-id=\"https:\/\/drive.google.com\/file\/d\/14ICcVvaCfjgAwYLC5Gnd55S4KIhcVBhX\/view?usp=drive_link\" target=\"_blank\" rel=\"noreferrer noopener\">R\u00fabrica<\/a>)<\/strong>:<\/p>\n\n\n\n<div style=\"height:19px\" aria-hidden=\"true\" class=\"wp-block-spacer\"><\/div>\n\n\n\n<details class=\"wp-block-details\"><summary>Seg\u00fan estos criterios: <\/summary>\n<ol type=\"1\" start=\"1\">\n<li>Antecedentes y experiencias en EaD, de la asignatura y del equipo docente.<\/li>\n\n\n\n<li>Pertinencia y coherencia de la propuesta. Los objetivos, contenidos, las estrategias metodol\u00f3gicas acordes con la opci\u00f3n pedag\u00f3gica a distancia, tiempos y recursos.<\/li>\n\n\n\n<li>Innovaci\u00f3n del proyecto.<\/li>\n\n\n\n<li>Capacidad de gesti\u00f3n para los escenarios combinados.<\/li>\n\n\n\n<li>Plan de acci\u00f3n tutorial.<\/li>\n\n\n\n<li>Evaluaci\u00f3n de la propuesta y de los aprendizajes.<\/li>\n<\/ol>\n<\/details>\n\n\n\n<div style=\"height:19px\" aria-hidden=\"true\" class=\"wp-block-spacer\"><\/div>\n\n\n<div class=\"wp-block-image\">\n<figure class=\"alignleft size-medium is-resized\"><img decoding=\"async\" loading=\"lazy\" width=\"300\" height=\"300\" src=\"https:\/\/virtual.unne.edu.ar\/SIED-UV\/wp-content\/uploads\/2022\/12\/lightbulb-300x300.png\" alt=\"IDEA\" class=\"wp-image-1628\" style=\"aspect-ratio:1;object-fit:contain;width:60px;height:auto\" srcset=\"https:\/\/virtual.unne.edu.ar\/SIED-UV\/wp-content\/uploads\/2022\/12\/lightbulb-300x300.png 300w, https:\/\/virtual.unne.edu.ar\/SIED-UV\/wp-content\/uploads\/2022\/12\/lightbulb-150x150.png 150w, https:\/\/virtual.unne.edu.ar\/SIED-UV\/wp-content\/uploads\/2022\/12\/lightbulb.png 512w\" sizes=\"(max-width: 300px) 100vw, 300px\" \/><\/figure><\/div>\n\n\n<p><strong>El informe resultante tendr\u00e1 por objeto la presentaci\u00f3n de sugerencias para la adaptaci\u00f3n de la Asignatura para su virtualizaci\u00f3n.<\/strong><\/p>\n<\/div><\/div>\n\n\n\n<div style=\"height:33px\" aria-hidden=\"true\" class=\"wp-block-spacer\"><\/div>\n\n\n\n<div class=\"wp-block-media-text is-stacked-on-mobile is-vertically-aligned-top\" style=\"grid-template-columns:15% auto\"><figure class=\"wp-block-media-text__media\"><img decoding=\"async\" loading=\"lazy\" width=\"370\" height=\"274\" src=\"https:\/\/virtual.unne.edu.ar\/SIED-UV\/wp-content\/uploads\/2024\/02\/estructura-con-DIEAU-17.png\" alt=\"\" class=\"wp-image-2250 size-medium\" srcset=\"https:\/\/virtual.unne.edu.ar\/SIED-UV\/wp-content\/uploads\/2024\/02\/estructura-con-DIEAU-17.png 370w, https:\/\/virtual.unne.edu.ar\/SIED-UV\/wp-content\/uploads\/2024\/02\/estructura-con-DIEAU-17-300x222.png 300w\" sizes=\"(max-width: 370px) 100vw, 370px\" \/><\/figure><div class=\"wp-block-media-text__content\">\n<p><strong>RESOLUCI\u00d3N: <\/strong>La Unidad Acad\u00e9mica resolver\u00e1 mediante acto administrativo la incorporaci\u00f3n de la asignatura en modalidad a distancia. <\/p>\n<\/div><\/div>\n\n\n\n<div style=\"height:76px\" aria-hidden=\"true\" class=\"wp-block-spacer\"><\/div>\n\n\n\n<p class=\"has-text-color\" style=\"color:#f7931e;font-size:24px\"><strong>RECURSOS DISPONIBLES<\/strong><\/p>\n\n\n\n<p>En el entorno acad\u00e9mico de la UNNE, la disponibilidad de recursos tecnol\u00f3gicos var\u00eda tanto a nivel central como dentro de cada Unidad Acad\u00e9mica.<\/p>\n\n\n\n<p>Algunas herramientas y equipos est\u00e1n centralizados, lo que significa que est\u00e1n disponibles para toda la Instituci\u00f3n, mientras que otros recursos se encuentran espec\u00edficamente asignados por cada unidad acad\u00e9mica.<\/p>\n\n\n\n<div class=\"wp-block-columns is-layout-flex wp-container-8 wp-block-columns-is-layout-flex\">\n<div class=\"wp-block-column is-layout-flow wp-block-column-is-layout-flow\">\n<figure class=\"wp-block-image size-full\"><img decoding=\"async\" loading=\"lazy\" width=\"112\" height=\"112\" src=\"https:\/\/virtual.unne.edu.ar\/SIED-UV\/wp-content\/uploads\/2021\/12\/01-cursado-y-evaluacion.png\" alt=\"\" class=\"wp-image-284\"\/><\/figure>\n\n\n\n<details class=\"wp-block-details has-blanco-background-color has-text-color has-background\" style=\"color:#05585e\"><summary><strong>Entorno virtual de ense\u00f1anza<\/strong> y <strong>aprendizaje<\/strong>. <\/summary>\n<div style=\"height:32px\" aria-hidden=\"true\" class=\"wp-block-spacer\"><\/div>\n\n\n\n<p class=\"has-negro-color has-text-color\">Se solicita el uso de <strong>entornos virtuales institucionalizados<\/strong>: A nivel central Moodle UNNE Virtual o plataforma perteneciente a la UA.<\/p>\n\n\n\n<div style=\"height:32px\" aria-hidden=\"true\" class=\"wp-block-spacer\"><\/div>\n\n\n\n<p class=\"has-negro-color has-text-color\">Se espera se utilicen las de actividades y recursos de los que \u00e9stos disponen, y que posibilitan la<strong> interacci\u00f3n sincr\u00f3nica <\/strong>(chat, mensajer\u00eda interna) y <strong>diacr\u00f3nica <\/strong>(foros, tareas, taller, etc.) entre estudiantes y docentes, como tambi\u00e9n, de estudiantes entre s\u00ed.<\/p>\n\n\n\n<div style=\"height:32px\" aria-hidden=\"true\" class=\"wp-block-spacer\"><\/div>\n\n\n\n<p class=\"has-negro-color has-text-color\">Asimismo, aquellos que promuevan el desarrollo de <strong>funciones tutoriales<\/strong>, e incentiven l<strong>a interacci\u00f3n y participaci\u00f3n<\/strong> de los estudiantes, respondan a sus consultas, atiendan sus requerimientos y orienten las diferentes actividades propuestas.<\/p>\n<\/details>\n<\/div>\n\n\n\n<div class=\"wp-block-column is-layout-flow wp-block-column-is-layout-flow\">\n<figure class=\"wp-block-image size-full\"><img decoding=\"async\" loading=\"lazy\" width=\"112\" height=\"112\" src=\"https:\/\/virtual.unne.edu.ar\/SIED-UV\/wp-content\/uploads\/2021\/12\/01-recursero-tecnologico.png\" alt=\"\" class=\"wp-image-285\"\/><\/figure>\n\n\n\n<details class=\"wp-block-details has-text-color\" style=\"color:#05585e\"><summary><strong>Entornos para videoconferencias.<\/strong><\/summary>\n<div style=\"height:32px\" aria-hidden=\"true\" class=\"wp-block-spacer\"><\/div>\n\n\n\n<p class=\"has-negro-color has-text-color\">Se solicita el uso de<strong> entornos institucionalizados<\/strong>: el uso de la plataforma Zoom es brindada a nivel central, pero con una gesti\u00f3n descentralizada, siendo gestionada por cada UA.&nbsp;<\/p>\n<\/details>\n<\/div>\n\n\n\n<div class=\"wp-block-column is-layout-flow wp-block-column-is-layout-flow\">\n<figure class=\"wp-block-image size-full\"><img decoding=\"async\" loading=\"lazy\" width=\"112\" height=\"112\" src=\"https:\/\/virtual.unne.edu.ar\/SIED-UV\/wp-content\/uploads\/2021\/12\/01-cuestiones-administrativas.png\" alt=\"\" class=\"wp-image-286\"\/><\/figure>\n\n\n\n<details class=\"wp-block-details has-text-color\" style=\"color:#05585e\"><summary><strong>Otros entornos que posibiliten estrategias did\u00e1cticas innovadoras.<\/strong><\/summary>\n<div style=\"height:32px\" aria-hidden=\"true\" class=\"wp-block-spacer\"><\/div>\n\n\n\n<p class=\"has-negro-color has-text-color\">Algunas Unidades acad\u00e9micas brindan acceso a <strong>plataformas pagas <\/strong>seg\u00fan necesidades particulares de las disciplinas, pero tambi\u00e9n se alienta al trabajo con <strong>aplicaciones y plataformas gratuitas<\/strong>, como ser: Simuladores virtuales, aplicaciones para trabajo colaborativo y para estrategias de gamificacion.<\/p>\n<\/details>\n<\/div>\n<\/div>\n\n\n\n<p><\/p>\n","protected":false},"excerpt":{"rendered":"<p><\/p>\n","protected":false},"author":2,"featured_media":2144,"parent":2490,"menu_order":0,"comment_status":"closed","ping_status":"closed","template":"","meta":{"footnotes":""},"acf":[],"_links":{"self":[{"href":"https:\/\/virtual.unne.edu.ar\/SIED-UV\/wp-json\/wp\/v2\/pages\/2143"}],"collection":[{"href":"https:\/\/virtual.unne.edu.ar\/SIED-UV\/wp-json\/wp\/v2\/pages"}],"about":[{"href":"https:\/\/virtual.unne.edu.ar\/SIED-UV\/wp-json\/wp\/v2\/types\/page"}],"author":[{"embeddable":true,"href":"https:\/\/virtual.unne.edu.ar\/SIED-UV\/wp-json\/wp\/v2\/users\/2"}],"replies":[{"embeddable":true,"href":"https:\/\/virtual.unne.edu.ar\/SIED-UV\/wp-json\/wp\/v2\/comments?post=2143"}],"version-history":[{"count":84,"href":"https:\/\/virtual.unne.edu.ar\/SIED-UV\/wp-json\/wp\/v2\/pages\/2143\/revisions"}],"predecessor-version":[{"id":4041,"href":"https:\/\/virtual.unne.edu.ar\/SIED-UV\/wp-json\/wp\/v2\/pages\/2143\/revisions\/4041"}],"up":[{"embeddable":true,"href":"https:\/\/virtual.unne.edu.ar\/SIED-UV\/wp-json\/wp\/v2\/pages\/2490"}],"wp:featuredmedia":[{"embeddable":true,"href":"https:\/\/virtual.unne.edu.ar\/SIED-UV\/wp-json\/wp\/v2\/media\/2144"}],"wp:attachment":[{"href":"https:\/\/virtual.unne.edu.ar\/SIED-UV\/wp-json\/wp\/v2\/media?parent=2143"}],"curies":[{"name":"wp","href":"https:\/\/api.w.org\/{rel}","templated":true}]}}