{"id":313,"date":"2021-12-16T09:45:46","date_gmt":"2021-12-16T12:45:46","guid":{"rendered":"https:\/\/virtual.unne.edu.ar\/SIED-UV\/?post_type=uv_guias&#038;p=313"},"modified":"2022-03-10T09:05:00","modified_gmt":"2022-03-10T12:05:00","slug":"a-que-servicios-y-beneficios-accedo-como-estudiante-universitario","status":"publish","type":"uv_guias","link":"https:\/\/virtual.unne.edu.ar\/SIED-UV\/uv_guias\/a-que-servicios-y-beneficios-accedo-como-estudiante-universitario\/","title":{"rendered":"Otros Servicios y Beneficios a los que accedes como estudiante universitario."},"content":{"rendered":"\n<div class=\"wp-block-columns is-layout-flex wp-container-3 wp-block-columns-is-layout-flex\">\n<div class=\"wp-block-column is-layout-flow wp-block-column-is-layout-flow\" style=\"flex-basis:66.66%\">\n<h2 class=\"has-text-color wp-block-heading\" style=\"color:#006d40\"><img decoding=\"async\" loading=\"lazy\" width=\"9\" height=\"8\" class=\"wp-image-291\" style=\"width: 9px;\" src=\"https:\/\/virtual.unne.edu.ar\/SIED-UV\/wp-content\/uploads\/2021\/12\/listas-01.png\" alt=\"lista-verde-universidad\">  Becas para estudiantes<\/h2>\n\n\n\n<p> La UNNE ofrece apoyo econ\u00f3mico a trav\u00e9s de becas de diferentes tipos para todos los estudiantes. Para acceder a ellas hay distintos requisitos, formas de inscripci\u00f3n y tiempos de gesti\u00f3n y desarrollo. <\/p>\n<\/div>\n\n\n\n<div class=\"wp-block-column is-layout-flow wp-block-column-is-layout-flow\" style=\"flex-basis:33.33%\">\n<div class=\"wp-block-image\"><figure class=\"alignleft size-full\"><img decoding=\"async\" loading=\"lazy\" width=\"195\" height=\"233\" src=\"https:\/\/virtual.unne.edu.ar\/SIED-UV\/wp-content\/uploads\/2021\/12\/0-1-introduccion-y-manos-28.png\" alt=\"\" class=\"wp-image-309\"\/><\/figure><\/div>\n<\/div>\n<\/div>\n\n\n\n<p> <strong>Becas de Apoyo o Gesti\u00f3n Universitaria. <\/strong>Apuntan al acceso y a la permanencia de los estudiantes de bajos recursos econ\u00f3micos en la formaci\u00f3n superior. \u00c9stas se renuevan cada a\u00f1o y son de: comedor, transporte, est\u00edmulo acad\u00e9mico y finalizaci\u00f3n de estudios.<\/p>\n\n\n\n<div class=\"wp-block-columns is-layout-flex wp-container-6 wp-block-columns-is-layout-flex\">\n<div class=\"wp-block-column is-layout-flow wp-block-column-is-layout-flow\" style=\"flex-basis:25%\">\n<div class=\"wp-block-image\"><figure class=\"alignright size-full is-resized\"><img decoding=\"async\" loading=\"lazy\" src=\"https:\/\/virtual.unne.edu.ar\/SIED-UV\/wp-content\/uploads\/2021\/12\/hacer-clic.png\" alt=\"VISITAR SITIO\" class=\"wp-image-299\" width=\"92\" height=\"92\" srcset=\"https:\/\/virtual.unne.edu.ar\/SIED-UV\/wp-content\/uploads\/2021\/12\/hacer-clic.png 512w, https:\/\/virtual.unne.edu.ar\/SIED-UV\/wp-content\/uploads\/2021\/12\/hacer-clic-300x300.png 300w, https:\/\/virtual.unne.edu.ar\/SIED-UV\/wp-content\/uploads\/2021\/12\/hacer-clic-150x150.png 150w\" sizes=\"(max-width: 92px) 100vw, 92px\" \/><\/figure><\/div>\n<\/div>\n\n\n\n<div class=\"wp-block-column is-vertically-aligned-center is-layout-flow wp-block-column-is-layout-flow\" style=\"flex-basis:66.66%\">\n<hr class=\"wp-block-separator has-text-color has-background is-style-wide\" style=\"background-color:#008f34;color:#008f34\"\/>\n\n\n\n<p class=\"has-text-color\" style=\"color:#0a704f\"><em><strong> <strong><em>Caracter\u00edsticas y formas de acceso a las becas:<\/em><\/strong> <\/strong><\/em><\/p>\n\n\n\n<p> <strong><a rel=\"noreferrer noopener\" href=\"https:\/\/www.unne.edu.ar\/index.php?option=com_k2&amp;view=item&amp;id=94:becas-internas-de-investigacion&amp;Itemid=491&amp;lang=es\" target=\"_blank\"> <strong><\/strong><\/a><strong><a rel=\"noreferrer noopener\" href=\"https:\/\/www.unne.edu.ar\/becas\/index.html\" target=\"_blank\">Sistema de Gesti\u00f3n de Becas Universitarias<\/a><\/strong> <\/strong><\/p>\n\n\n\n<hr class=\"wp-block-separator has-text-color has-background is-style-wide\" style=\"background-color:#0a704f;color:#0a704f\"\/>\n<\/div>\n<\/div>\n\n\n\n<p><br><strong>Becas Internas de Investigaci\u00f3n. <\/strong>Tienen como objetivo formar a j\u00f3venes estudiantes en la investigaci\u00f3n cient\u00edfica de pregrado. <\/p>\n\n\n\n<div class=\"wp-block-columns is-layout-flex wp-container-9 wp-block-columns-is-layout-flex\">\n<div class=\"wp-block-column is-layout-flow wp-block-column-is-layout-flow\" style=\"flex-basis:25%\">\n<div class=\"wp-block-image\"><figure class=\"alignright size-full is-resized\"><img decoding=\"async\" loading=\"lazy\" src=\"https:\/\/virtual.unne.edu.ar\/SIED-UV\/wp-content\/uploads\/2021\/12\/hacer-clic.png\" alt=\"VISITAR SITIO\" class=\"wp-image-299\" width=\"92\" height=\"92\" srcset=\"https:\/\/virtual.unne.edu.ar\/SIED-UV\/wp-content\/uploads\/2021\/12\/hacer-clic.png 512w, https:\/\/virtual.unne.edu.ar\/SIED-UV\/wp-content\/uploads\/2021\/12\/hacer-clic-300x300.png 300w, https:\/\/virtual.unne.edu.ar\/SIED-UV\/wp-content\/uploads\/2021\/12\/hacer-clic-150x150.png 150w\" sizes=\"(max-width: 92px) 100vw, 92px\" \/><\/figure><\/div>\n<\/div>\n\n\n\n<div class=\"wp-block-column is-vertically-aligned-center is-layout-flow wp-block-column-is-layout-flow\" style=\"flex-basis:66.66%\">\n<hr class=\"wp-block-separator has-text-color has-background is-style-wide\" style=\"background-color:#008f34;color:#008f34\"\/>\n\n\n\n<p class=\"has-text-color\" style=\"color:#0a704f\"><em><strong> <strong><em>Caracter\u00edsticas y formas de acceso a las becas:<\/em><\/strong> <\/strong><\/em><\/p>\n\n\n\n<p> <strong><a rel=\"noreferrer noopener\" href=\"https:\/\/www.unne.edu.ar\/index.php?option=com_k2&amp;view=item&amp;id=94:becas-internas-de-investigacion&amp;Itemid=491&amp;lang=es\" target=\"_blank\">Becas internas de investigaci\u00f3n<\/a><\/strong> <\/p>\n\n\n\n<hr class=\"wp-block-separator has-text-color has-background is-style-wide\" style=\"background-color:#0a704f;color:#0a704f\"\/>\n<\/div>\n<\/div>\n\n\n\n<h2 class=\"has-text-align-left has-text-color wp-block-heading\" style=\"color:#006d40\"> <img decoding=\"async\" loading=\"lazy\" width=\"9\" height=\"8\" class=\"wp-image-291\" style=\"width: 9px;\" src=\"https:\/\/virtual.unne.edu.ar\/SIED-UV\/wp-content\/uploads\/2021\/12\/listas-01.png\" alt=\"lista-verde-universidad\">  Cooperaci\u00f3n internacional <\/h2>\n\n\n\n<p>Programas de becas de intercambio estudiantil tanto nacionales como internacionales a los que puede acceder cualquier estudiante de la UNNE que as\u00ed lo desee. Nuestra universidad conforma una amplia red de relaciones acad\u00e9micas con instituciones de todo el mundo. <\/p>\n\n\n\n<p>Estas actividades <strong>dependen de la Secretar\u00eda General de Relaciones Interinstitucionales<\/strong> y te conviene averiguar en la Facultad u otro espacio en el que seas alumna\/o para que te mantengas informada\/o. <\/p>\n\n\n\n<div class=\"wp-block-columns is-layout-flex wp-container-12 wp-block-columns-is-layout-flex\">\n<div class=\"wp-block-column is-layout-flow wp-block-column-is-layout-flow\" style=\"flex-basis:25%\">\n<div class=\"wp-block-image\"><figure class=\"alignright size-full is-resized\"><img decoding=\"async\" loading=\"lazy\" src=\"https:\/\/virtual.unne.edu.ar\/SIED-UV\/wp-content\/uploads\/2021\/12\/hacer-clic.png\" alt=\"VISITAR SITIO\" class=\"wp-image-299\" width=\"92\" height=\"92\" srcset=\"https:\/\/virtual.unne.edu.ar\/SIED-UV\/wp-content\/uploads\/2021\/12\/hacer-clic.png 512w, https:\/\/virtual.unne.edu.ar\/SIED-UV\/wp-content\/uploads\/2021\/12\/hacer-clic-300x300.png 300w, https:\/\/virtual.unne.edu.ar\/SIED-UV\/wp-content\/uploads\/2021\/12\/hacer-clic-150x150.png 150w\" sizes=\"(max-width: 92px) 100vw, 92px\" \/><\/figure><\/div>\n<\/div>\n\n\n\n<div class=\"wp-block-column is-vertically-aligned-center is-layout-flow wp-block-column-is-layout-flow\" style=\"flex-basis:66.66%\">\n<hr class=\"wp-block-separator has-text-color has-background is-style-wide\" style=\"background-color:#008f34;color:#008f34\"\/>\n\n\n\n<p><a href=\"http:\/\/relint.unne.edu.ar\/index.php?r=site%2Fver&amp;id=63&amp;campo=idarticulo\" target=\"_blank\" rel=\"noreferrer noopener\">Cooperaci\u00f3n Internacional &#8211; UNNE<\/a><\/p>\n\n\n\n<hr class=\"wp-block-separator has-text-color has-background is-style-wide\" style=\"background-color:#0a704f;color:#0a704f\"\/>\n<\/div>\n<\/div>\n\n\n\n<h2 class=\"has-text-align-left has-text-color wp-block-heading\" style=\"color:#006d40\"> <img decoding=\"async\" loading=\"lazy\" width=\"9\" height=\"8\" class=\"wp-image-291\" style=\"width: 9px;\" src=\"https:\/\/virtual.unne.edu.ar\/SIED-UV\/wp-content\/uploads\/2021\/12\/listas-01.png\" alt=\"lista-verde-universidad\">  Cuidados de Salud <\/h2>\n\n\n\n<p><strong>Direcci\u00f3n de Salud Universitaria<\/strong>. Tiene como finalidad velar por la salud f\u00edsica, mental y espiritual del estudiante universitario brindando distintas formas gratuitas de asistencia: medicina cl\u00ednica, odontol\u00f3gica, kinesiol\u00f3gica, deportes, etc. <\/p>\n\n\n\n<p><em>Este espacio tiene 2 sedes:<\/em> en la ciudad de Corrientes y en la de Resistencia. <\/p>\n\n\n\n<div class=\"wp-block-columns is-layout-flex wp-container-15 wp-block-columns-is-layout-flex\">\n<div class=\"wp-block-column is-layout-flow wp-block-column-is-layout-flow\" style=\"flex-basis:25%\">\n<div class=\"wp-block-image\"><figure class=\"alignright size-full is-resized\"><img decoding=\"async\" loading=\"lazy\" src=\"https:\/\/virtual.unne.edu.ar\/SIED-UV\/wp-content\/uploads\/2021\/12\/hacer-clic.png\" alt=\"VISITAR SITIO\" class=\"wp-image-299\" width=\"92\" height=\"92\" srcset=\"https:\/\/virtual.unne.edu.ar\/SIED-UV\/wp-content\/uploads\/2021\/12\/hacer-clic.png 512w, https:\/\/virtual.unne.edu.ar\/SIED-UV\/wp-content\/uploads\/2021\/12\/hacer-clic-300x300.png 300w, https:\/\/virtual.unne.edu.ar\/SIED-UV\/wp-content\/uploads\/2021\/12\/hacer-clic-150x150.png 150w\" sizes=\"(max-width: 92px) 100vw, 92px\" \/><\/figure><\/div>\n<\/div>\n\n\n\n<div class=\"wp-block-column is-vertically-aligned-center is-layout-flow wp-block-column-is-layout-flow\" style=\"flex-basis:66.66%\">\n<hr class=\"wp-block-separator has-text-color has-background is-style-wide\" style=\"background-color:#008f34;color:#008f34\"\/>\n\n\n\n<p class=\"has-text-color\" style=\"color:#0a704f\"><em><strong> <strong><em>Caracter\u00edsticas de los servicios y contactos<\/em><\/strong><\/strong><\/em>:<em><strong> <\/strong><\/em><\/p>\n\n\n\n<p> <a rel=\"noreferrer noopener\" href=\"https:\/\/www.unne.edu.ar\/index.php?option=com_k2&amp;view=item&amp;layout=item&amp;id=44&amp;Itemid=458&amp;lang=es\" target=\"_blank\"><strong>Asistencia a la Salud &#8211; UNNE &#8211; Universidad Nacional del Nordeste)<\/strong><\/a><\/p>\n\n\n\n<hr class=\"wp-block-separator has-text-color has-background is-style-wide\" style=\"background-color:#0a704f;color:#0a704f\"\/>\n<\/div>\n<\/div>\n\n\n\n<p><strong>Instituto de Servicios Sociales (ISSUNNE)<\/strong>. Tambi\u00e9n es un sistema dedicado a la salud integral de los agentes de la Universidad. Requiere afiliarse por un monto m\u00ednimo mensual y ofrece consultorios varios, \u00f3ptica, farmacia y servicios sociales. <\/p>\n\n\n\n<p><em><strong>Cuenta con Sedes en:<\/strong><\/em><strong> <\/strong>Central (Corrientes Capital), Deodoro Roca (Corrientes Capital), Curuz\u00fa Cuati\u00e1 (Corrientes), Goya (Corrientes), Paso de los Libres (Corrientes), Resistencia (Chaco), CABA (Buenos Aires) <\/p>\n\n\n\n<div class=\"wp-block-columns is-layout-flex wp-container-18 wp-block-columns-is-layout-flex\">\n<div class=\"wp-block-column is-layout-flow wp-block-column-is-layout-flow\" style=\"flex-basis:25%\">\n<div class=\"wp-block-image\"><figure class=\"alignright size-full is-resized\"><img decoding=\"async\" loading=\"lazy\" src=\"https:\/\/virtual.unne.edu.ar\/SIED-UV\/wp-content\/uploads\/2021\/12\/hacer-clic.png\" alt=\"VISITAR SITIO\" class=\"wp-image-299\" width=\"92\" height=\"92\" srcset=\"https:\/\/virtual.unne.edu.ar\/SIED-UV\/wp-content\/uploads\/2021\/12\/hacer-clic.png 512w, https:\/\/virtual.unne.edu.ar\/SIED-UV\/wp-content\/uploads\/2021\/12\/hacer-clic-300x300.png 300w, https:\/\/virtual.unne.edu.ar\/SIED-UV\/wp-content\/uploads\/2021\/12\/hacer-clic-150x150.png 150w\" sizes=\"(max-width: 92px) 100vw, 92px\" \/><\/figure><\/div>\n<\/div>\n\n\n\n<div class=\"wp-block-column is-vertically-aligned-center is-layout-flow wp-block-column-is-layout-flow\" style=\"flex-basis:66.66%\">\n<hr class=\"wp-block-separator has-text-color has-background is-style-wide\" style=\"background-color:#008f34;color:#008f34\"\/>\n\n\n\n<p class=\"has-text-color\" style=\"color:#0a704f\"><em><strong> Caracter\u00edsticas de los servicios y contactos: <\/strong><\/em><\/p>\n\n\n\n<p class=\"has-text-color\" style=\"color:#0a704f\"><em><strong><a rel=\"noreferrer noopener\" href=\"https:\/\/issunne.unne.edu.ar\/sedes-issunne\" target=\"_blank\">ISSUNNE<\/a> <\/strong><\/em><\/p>\n\n\n\n<hr class=\"wp-block-separator has-text-color has-background is-style-wide\" style=\"background-color:#0a704f;color:#0a704f\"\/>\n<\/div>\n<\/div>\n\n\n\n<h2 class=\"has-text-align-left has-text-color wp-block-heading\" style=\"color:#006d40\"> <img decoding=\"async\" loading=\"lazy\" width=\"9\" height=\"8\" class=\"wp-image-291\" style=\"width: 9px;\" src=\"https:\/\/virtual.unne.edu.ar\/SIED-UV\/wp-content\/uploads\/2021\/12\/listas-01.png\" alt=\"lista-verde-universidad\">  Deportes y Torneos  <\/h2>\n\n\n\n<p>La Universidad le da gran importancia a la actividad f\u00edsica, en todas sus disciplinas, a la sana competici\u00f3n en torneos y a la realizaci\u00f3n de maratones, ofreciendo diversas alternativas totalmente gratuitas, para que los universitarios puedan acceder a ellas en distintos d\u00edas y horarios:  F\u00fatbol, B\u00e1squetbol, Cestobol, Voleibol, Pilates, etc. <\/p>\n\n\n\n<p>Este \u00e1rea est\u00e1<strong> a cargo de la Direcci\u00f3n de Deportes<\/strong>, con sede en Corrientes y Resistencia.<\/p>\n\n\n\n<div class=\"wp-block-columns is-layout-flex wp-container-21 wp-block-columns-is-layout-flex\">\n<div class=\"wp-block-column is-layout-flow wp-block-column-is-layout-flow\" style=\"flex-basis:25%\">\n<div class=\"wp-block-image\"><figure class=\"alignright size-full is-resized\"><img decoding=\"async\" loading=\"lazy\" src=\"https:\/\/virtual.unne.edu.ar\/SIED-UV\/wp-content\/uploads\/2021\/12\/hacer-clic.png\" alt=\"VISITAR SITIO\" class=\"wp-image-299\" width=\"92\" height=\"92\" srcset=\"https:\/\/virtual.unne.edu.ar\/SIED-UV\/wp-content\/uploads\/2021\/12\/hacer-clic.png 512w, https:\/\/virtual.unne.edu.ar\/SIED-UV\/wp-content\/uploads\/2021\/12\/hacer-clic-300x300.png 300w, https:\/\/virtual.unne.edu.ar\/SIED-UV\/wp-content\/uploads\/2021\/12\/hacer-clic-150x150.png 150w\" sizes=\"(max-width: 92px) 100vw, 92px\" \/><\/figure><\/div>\n<\/div>\n\n\n\n<div class=\"wp-block-column is-vertically-aligned-center is-layout-flow wp-block-column-is-layout-flow\" style=\"flex-basis:66.66%\">\n<hr class=\"wp-block-separator has-text-color has-background is-style-wide\" style=\"background-color:#008f34;color:#008f34\"\/>\n\n\n\n<p><a href=\"https:\/\/www.unne.edu.ar\/index.php?option=com_k2&amp;view=item&amp;layout=item&amp;id=45&amp;Itemid=459&amp;lang=es\" target=\"_blank\" rel=\"noreferrer noopener\">Deportes y Torneos &#8211; UNNE<\/a><\/p>\n\n\n\n<hr class=\"wp-block-separator has-text-color has-background is-style-wide\" style=\"background-color:#0a704f;color:#0a704f\"\/>\n<\/div>\n<\/div>\n\n\n\n<h2 class=\"has-text-align-left has-text-color wp-block-heading\" style=\"color:#006d40\"> <img decoding=\"async\" loading=\"lazy\" width=\"9\" height=\"8\" class=\"wp-image-291\" style=\"width: 9px;\" src=\"https:\/\/virtual.unne.edu.ar\/SIED-UV\/wp-content\/uploads\/2021\/12\/listas-01.png\" alt=\"lista-verde-universidad\">  Comedores Universitarios <\/h2>\n\n\n\n<p>Posibilita que la comunidad universitaria de la UNNE tenga un lugar de encuentro mientras accede a una dieta equilibrada a bajo costo cumpliendo una funci\u00f3n social fundamental.<br>Cuenta con acceso gratuito mediante becas y tambi\u00e9n con ticket pago, ofrece servicio para estudiantes, docentes y no docentes.<\/p>\n\n\n\n<p><em>La UNNE cuenta con tres comedores: <\/em>dos en Corrientes en el Campus Sargento Cabral y Campus Deodoro Roca y uno en el Campus de Resistencia.<br>El servicio se brinda de lunes a s\u00e1bados, en el horario de 11:30 a 14 hs. de marzo a diciembre.<\/p>\n\n\n\n<div class=\"wp-block-columns is-layout-flex wp-container-24 wp-block-columns-is-layout-flex\">\n<div class=\"wp-block-column is-layout-flow wp-block-column-is-layout-flow\" style=\"flex-basis:25%\">\n<div class=\"wp-block-image\"><figure class=\"alignright size-full is-resized\"><img decoding=\"async\" loading=\"lazy\" src=\"https:\/\/virtual.unne.edu.ar\/SIED-UV\/wp-content\/uploads\/2021\/12\/hacer-clic.png\" alt=\"VISITAR SITIO\" class=\"wp-image-299\" width=\"92\" height=\"92\" srcset=\"https:\/\/virtual.unne.edu.ar\/SIED-UV\/wp-content\/uploads\/2021\/12\/hacer-clic.png 512w, https:\/\/virtual.unne.edu.ar\/SIED-UV\/wp-content\/uploads\/2021\/12\/hacer-clic-300x300.png 300w, https:\/\/virtual.unne.edu.ar\/SIED-UV\/wp-content\/uploads\/2021\/12\/hacer-clic-150x150.png 150w\" sizes=\"(max-width: 92px) 100vw, 92px\" \/><\/figure><\/div>\n<\/div>\n\n\n\n<div class=\"wp-block-column is-vertically-aligned-center is-layout-flow wp-block-column-is-layout-flow\" style=\"flex-basis:66.66%\">\n<hr class=\"wp-block-separator has-text-color has-background is-style-wide\" style=\"background-color:#008f34;color:#008f34\"\/>\n\n\n\n<p><a href=\"https:\/\/www.unne.edu.ar\/index.php?option=com_k2&amp;view=item&amp;layout=item&amp;id=46&amp;Itemid=460&amp;lang=es\" target=\"_blank\" rel=\"noreferrer noopener\">Comedores Universitarios &#8211; UNNE<\/a><\/p>\n\n\n\n<hr class=\"wp-block-separator has-text-color has-background is-style-wide\" style=\"background-color:#0a704f;color:#0a704f\"\/>\n<\/div>\n<\/div>\n\n\n\n<h2 class=\"has-text-align-left has-text-color wp-block-heading\" style=\"color:#006d40\"> <img decoding=\"async\" loading=\"lazy\" width=\"9\" height=\"8\" class=\"wp-image-291\" style=\"width: 9px;\" src=\"https:\/\/virtual.unne.edu.ar\/SIED-UV\/wp-content\/uploads\/2021\/12\/listas-01.png\" alt=\"lista-verde-universidad\">  Centros culturales, artes e idiomas<\/h2>\n\n\n\n<p>Con sedes en la ciudad de Corrientes y Resistencia, estos espacios ofrecen capacitaci\u00f3n de tipo no formal y actividades art\u00edsticas y culturales para toda la comunidad del nordeste argentino (estudiantes, docentes, no docentes, p\u00fablico externo la universidad, etc.): <strong><em>Artes Esc\u00e9nicas y Visuales, M\u00fasica, Letras e Idiomas<\/em><\/strong>.<\/p>\n\n\n\n<div class=\"wp-block-columns is-layout-flex wp-container-27 wp-block-columns-is-layout-flex\">\n<div class=\"wp-block-column is-layout-flow wp-block-column-is-layout-flow\" style=\"flex-basis:25%\">\n<div class=\"wp-block-image\"><figure class=\"alignright size-full is-resized\"><img decoding=\"async\" loading=\"lazy\" src=\"https:\/\/virtual.unne.edu.ar\/SIED-UV\/wp-content\/uploads\/2021\/12\/hacer-clic.png\" alt=\"VISITAR SITIO\" class=\"wp-image-299\" width=\"92\" height=\"92\" srcset=\"https:\/\/virtual.unne.edu.ar\/SIED-UV\/wp-content\/uploads\/2021\/12\/hacer-clic.png 512w, https:\/\/virtual.unne.edu.ar\/SIED-UV\/wp-content\/uploads\/2021\/12\/hacer-clic-300x300.png 300w, https:\/\/virtual.unne.edu.ar\/SIED-UV\/wp-content\/uploads\/2021\/12\/hacer-clic-150x150.png 150w\" sizes=\"(max-width: 92px) 100vw, 92px\" \/><\/figure><\/div>\n<\/div>\n\n\n\n<div class=\"wp-block-column is-vertically-aligned-center is-layout-flow wp-block-column-is-layout-flow\" style=\"flex-basis:66.66%\">\n<hr class=\"wp-block-separator has-text-color has-background is-style-wide\" style=\"background-color:#008f34;color:#008f34\"\/>\n\n\n\n<p class=\"has-text-color\" style=\"color:#0a704f\"><em><strong> Para conocer todo lo que podes hacer en ellos, entr\u00e1 a los sitios oficiales:   <\/strong><\/em><\/p>\n\n\n\n<ul><li><a href=\"https:\/\/ccuunne.ar\/\" target=\"_blank\" rel=\"noreferrer noopener\">Centro Cultural Universitario (CCU) en Corrientes <\/a><\/li><li><a href=\"https:\/\/m.facebook.com\/centroculturalnordeste\/\" target=\"_blank\" rel=\"noreferrer noopener\">Centro Cultural Nordeste (CCN) en Resistencia.<\/a><\/li><\/ul>\n\n\n\n<hr class=\"wp-block-separator has-text-color has-background is-style-wide\" style=\"background-color:#0a704f;color:#0a704f\"\/>\n<\/div>\n<\/div>\n\n\n\n<h2 class=\"has-text-align-left has-text-color wp-block-heading\" style=\"color:#006d40\"> <img decoding=\"async\" loading=\"lazy\" width=\"9\" height=\"8\" class=\"wp-image-291\" style=\"width: 9px;\" src=\"https:\/\/virtual.unne.edu.ar\/SIED-UV\/wp-content\/uploads\/2021\/12\/listas-01.png\" alt=\"lista-verde-universidad\">  Bibliotecas presenciales y virtuales <\/h2>\n\n\n\n<div class=\"wp-block-columns is-layout-flex wp-container-33 wp-block-columns-is-layout-flex\">\n<div class=\"wp-block-column is-layout-flow wp-block-column-is-layout-flow\" style=\"flex-basis:66.66%\">\n<p>Las bibliotecas son espacios presenciales o virtuales con un amplio repositorio de material bibliogr\u00e1fico y multimedial disponible para toda<br>la comunidad acad\u00e9mica. En la UNNE, este espacio es gestionado por la Direcci\u00f3n General de Bibliotecas.  <\/p>\n\n\n\n<p>F\u00edsicamente, la <strong>Biblioteca Central<\/strong> se encuentra en el Campus Resistencia y las dem\u00e1s en las sedes de cada Unidad Acad\u00e9mica e Instituto. <\/p>\n\n\n\n<p>En conjunto, conforman la Red de Bibliotecas.  A trav\u00e9s de ella, la informaci\u00f3n disponible es una sumatoria de repositorios regionales, nacionales e internacionales. <\/p>\n\n\n\n<p>Adem\u00e1s, la Direcci\u00f3n de bibliotecas ofrece el Repositorio UNNE, las Revistas UNNE y la Biblioteca Electr\u00f3nica. <\/p>\n\n\n\n<div class=\"wp-block-columns is-layout-flex wp-container-30 wp-block-columns-is-layout-flex\">\n<div class=\"wp-block-column is-layout-flow wp-block-column-is-layout-flow\" style=\"flex-basis:25%\">\n<div class=\"wp-block-image\"><figure class=\"alignright size-full is-resized\"><img decoding=\"async\" loading=\"lazy\" src=\"https:\/\/virtual.unne.edu.ar\/SIED-UV\/wp-content\/uploads\/2021\/12\/hacer-clic.png\" alt=\"VISITAR SITIO\" class=\"wp-image-299\" width=\"92\" height=\"92\" srcset=\"https:\/\/virtual.unne.edu.ar\/SIED-UV\/wp-content\/uploads\/2021\/12\/hacer-clic.png 512w, https:\/\/virtual.unne.edu.ar\/SIED-UV\/wp-content\/uploads\/2021\/12\/hacer-clic-300x300.png 300w, https:\/\/virtual.unne.edu.ar\/SIED-UV\/wp-content\/uploads\/2021\/12\/hacer-clic-150x150.png 150w\" sizes=\"(max-width: 92px) 100vw, 92px\" \/><\/figure><\/div>\n<\/div>\n\n\n\n<div class=\"wp-block-column is-vertically-aligned-center is-layout-flow wp-block-column-is-layout-flow\" style=\"flex-basis:66.66%\">\n<hr class=\"wp-block-separator has-text-color has-background is-style-wide\" style=\"background-color:#008f34;color:#008f34\"\/>\n\n\n\n<p class=\"has-text-color\" style=\"color:#0a704f\"><em><strong> Para conocer cada uno, ingres\u00e1 a los enlaces:   <\/strong><\/em><\/p>\n\n\n\n<ul><li><a rel=\"noreferrer noopener\" href=\"https:\/\/bib.unne.edu.ar\/\" data-type=\"URL\" data-id=\"https:\/\/bib.unne.edu.ar\/\" target=\"_blank\">Direcci\u00f3n General de Bibliotecas<\/a><\/li><li><a rel=\"noreferrer noopener\" href=\"https:\/\/bib.unne.edu.ar\/red-de-bibliotecas\/\" target=\"_blank\">Red de Bibliotecas <\/a><\/li><li><a rel=\"noreferrer noopener\" href=\"https:\/\/repositorio.unne.edu.ar\/\" target=\"_blank\">Repositorio UNNE<\/a><\/li><li><a rel=\"noreferrer noopener\" href=\"https:\/\/revistas.unne.edu.ar\/\" target=\"_blank\">Revistas UNNE<\/a><\/li><li><a href=\"https:\/\/biblioteca.mincyt.gob.ar\/\" target=\"_blank\" rel=\"noreferrer noopener\">Biblioteca Electr\u00f3nica<\/a><\/li><\/ul>\n\n\n\n<hr class=\"wp-block-separator has-text-color has-background is-style-wide\" style=\"background-color:#0a704f;color:#0a704f\"\/>\n<\/div>\n<\/div>\n<\/div>\n\n\n\n<div class=\"wp-block-column is-layout-flow wp-block-column-is-layout-flow\" style=\"flex-basis:33.33%\">\n<figure class=\"wp-block-image size-full\"><img decoding=\"async\" loading=\"lazy\" width=\"152\" height=\"286\" src=\"https:\/\/virtual.unne.edu.ar\/SIED-UV\/wp-content\/uploads\/2021\/12\/0-1-introduccion-y-manos-29.png\" alt=\"\" class=\"wp-image-318\"\/><\/figure>\n<\/div>\n<\/div>\n\n\n\n<h2 class=\"has-text-align-left has-text-color wp-block-heading\" style=\"color:#006d40\"><img decoding=\"async\" loading=\"lazy\" width=\"9\" height=\"8\" class=\"wp-image-291\" style=\"width: 9px;\" src=\"https:\/\/virtual.unne.edu.ar\/SIED-UV\/wp-content\/uploads\/2021\/12\/listas-01.png\" alt=\"lista-verde-universidad\"> Centros Regionales y Extensiones \u00c1ulicas<\/h2>\n\n\n\n<p>Adem\u00e1s de las sedes principales de las unidades acad\u00e9micas ubicadas en Corrientes (Campus Libertad y Campus Sargento Cabral) y en Resistencia (Campus Resistencia), hay otros espacios f\u00edsicos y virtuales a trav\u00e9s de los cuales se desarrollan las distintas carreras (pregrado, grado y posgrado) y se accede a los servicios y actividades que ofrece la UNNE.<br>De esta forma pod\u00e9s aprovechar al m\u00e1ximo la Universidad ya sea a distancia desde cualquier punto del pa\u00eds o presencialmente en localidades de las Provincias de Corrientes, Chaco, Formosa y Misiones.<\/p>\n\n\n\n<p>Desde los siguientes enlaces se accede a los sitios oficiales de cada una de esas sedes:<\/p>\n\n\n\n<div class=\"wp-block-columns is-layout-flex wp-container-42 wp-block-columns-is-layout-flex\">\n<div class=\"wp-block-column is-layout-flow wp-block-column-is-layout-flow\">\n<div class=\"wp-block-columns is-layout-flex wp-container-36 wp-block-columns-is-layout-flex\">\n<div class=\"wp-block-column is-layout-flow wp-block-column-is-layout-flow\" style=\"flex-basis:30%\">\n<div class=\"wp-block-image\"><figure class=\"alignright size-full is-resized\"><img decoding=\"async\" loading=\"lazy\" src=\"https:\/\/virtual.unne.edu.ar\/SIED-UV\/wp-content\/uploads\/2021\/12\/hacer-clic.png\" alt=\"VISITAR SITIO\" class=\"wp-image-299\" width=\"59\" height=\"59\" srcset=\"https:\/\/virtual.unne.edu.ar\/SIED-UV\/wp-content\/uploads\/2021\/12\/hacer-clic.png 512w, https:\/\/virtual.unne.edu.ar\/SIED-UV\/wp-content\/uploads\/2021\/12\/hacer-clic-300x300.png 300w, https:\/\/virtual.unne.edu.ar\/SIED-UV\/wp-content\/uploads\/2021\/12\/hacer-clic-150x150.png 150w\" sizes=\"(max-width: 59px) 100vw, 59px\" \/><\/figure><\/div>\n<\/div>\n\n\n\n<div class=\"wp-block-column is-vertically-aligned-center is-layout-flow wp-block-column-is-layout-flow\" style=\"flex-basis:80%\">\n<hr class=\"wp-block-separator has-text-color has-background is-style-wide\" style=\"background-color:#008f34;color:#008f34\"\/>\n\n\n\n<p> Centros Regionales: <\/p>\n\n\n\n<ul><li><a rel=\"noreferrer noopener\" href=\"https:\/\/www.facebook.com\/Centroregcast\/\" target=\"_blank\">Castelli<\/a>, <\/li><li><a rel=\"noreferrer noopener\" href=\"https:\/\/m.facebook.com\/CentroRegGoya\/\" target=\"_blank\">Goya<\/a>, <\/li><li><a rel=\"noreferrer noopener\" href=\"https:\/\/m.facebook.com\/cruunne.pinedo\/\" target=\"_blank\">Pinedo<\/a>, <\/li><li><a rel=\"noreferrer noopener\" href=\"https:\/\/www.eco.unne.edu.ar\/?page_id=384\" target=\"_blank\">Sede Paso de los Libres<\/a> <\/li><li><a rel=\"noreferrer noopener\" href=\"http:\/\/www.vet.unne.edu.ar\/iaea\/\" target=\"_blank\">Instituto<br>Curuz\u00fa Cuati\u00e1.<\/a><\/li><\/ul>\n\n\n\n<hr class=\"wp-block-separator has-text-color has-background is-style-wide\" style=\"background-color:#0a704f;color:#0a704f\"\/>\n<\/div>\n<\/div>\n<\/div>\n\n\n\n<div class=\"wp-block-column is-layout-flow wp-block-column-is-layout-flow\">\n<div class=\"wp-block-columns is-layout-flex wp-container-40 wp-block-columns-is-layout-flex\">\n<div class=\"wp-block-column is-layout-flow wp-block-column-is-layout-flow\" style=\"flex-basis:30%\">\n<div class=\"wp-block-image\"><figure class=\"alignright size-full is-resized\"><img decoding=\"async\" loading=\"lazy\" src=\"https:\/\/virtual.unne.edu.ar\/SIED-UV\/wp-content\/uploads\/2021\/12\/hacer-clic.png\" alt=\"VISITAR SITIO\" class=\"wp-image-299\" width=\"56\" height=\"56\" srcset=\"https:\/\/virtual.unne.edu.ar\/SIED-UV\/wp-content\/uploads\/2021\/12\/hacer-clic.png 512w, https:\/\/virtual.unne.edu.ar\/SIED-UV\/wp-content\/uploads\/2021\/12\/hacer-clic-300x300.png 300w, https:\/\/virtual.unne.edu.ar\/SIED-UV\/wp-content\/uploads\/2021\/12\/hacer-clic-150x150.png 150w\" sizes=\"(max-width: 56px) 100vw, 56px\" \/><\/figure><\/div>\n<\/div>\n\n\n\n<div class=\"wp-block-column is-vertically-aligned-center is-layout-flow wp-block-column-is-layout-flow\" style=\"flex-basis:80%\">\n<hr class=\"wp-block-separator has-text-color has-background is-style-wide\" style=\"background-color:#008f34;color:#008f34\"\/>\n\n\n\n<p><strong>Extensiones A\u00falicas. <\/strong><\/p>\n\n\n\n<ul><li><a rel=\"noreferrer noopener\" href=\"https:\/\/m.facebook.com\/UNNE-Extensi%C3%B3n-Aulica-Bella-Vista-384245885003509\/\" target=\"_blank\">Bella Vista<\/a> <\/li><li><a rel=\"noreferrer noopener\" href=\"http:\/\/www.dch.unne.edu.ar\/index.php\/clorinda\" target=\"_blank\">Clorinda<\/a> <\/li><li><a rel=\"noreferrer noopener\" href=\"http:\/\/www.dch.unne.edu.ar\/index.php\/esquina\" target=\"_blank\">Esquina<\/a><\/li><li><a rel=\"noreferrer noopener\" href=\"http:\/\/www.dch.unne.edu.ar\/index.php\/monte-caseros\" target=\"_blank\">Monte Caseros<\/a><\/li><li><a rel=\"noreferrer noopener\" href=\"http:\/\/www.dch.unne.edu.ar\/index.php\/posadas\" target=\"_blank\">Posadas<\/a><\/li><li><a rel=\"noreferrer noopener\" href=\"http:\/\/www.dch.unne.edu.ar\/index.php\/santo-tome\" target=\"_blank\">Santo Tom\u00e9<\/a> <\/li><li><a rel=\"noreferrer noopener\" href=\"http:\/\/www.dch.unne.edu.ar\/index.php\/villa-angela\" target=\"_blank\">Villa \u00c1ngela<\/a> <\/li><\/ul>\n\n\n\n<hr class=\"wp-block-separator has-text-color has-background is-style-wide\" style=\"background-color:#0a704f;color:#0a704f\"\/>\n<\/div>\n<\/div>\n<\/div>\n<\/div>\n\n\n\n<h2 class=\"has-text-color wp-block-heading\" style=\"color:#006d40\"> <img decoding=\"async\" loading=\"lazy\" width=\"9\" height=\"8\" class=\"wp-image-291\" style=\"width: 9px;\" src=\"https:\/\/virtual.unne.edu.ar\/SIED-UV\/wp-content\/uploads\/2021\/12\/listas-01.png\" alt=\"lista-verde-universidad\">  Jard\u00edn Maternal <\/h2>\n\n\n\n<p>La UNNE cuenta con dos Jardines Maternales: la Sede Central ubicada en el Campus Resistencia y una extensi\u00f3n en el Campus Deodoro Roca, Corrientes.<br>Brinda atenci\u00f3n pedag\u00f3gica y cuidado a ni\u00f1os menores de 5 a\u00f1os. Pueden acceder a \u00e9l estudiantes y personal de la UNNE.<\/p>\n\n\n\n<div class=\"wp-block-columns is-layout-flex wp-container-45 wp-block-columns-is-layout-flex\">\n<div class=\"wp-block-column is-layout-flow wp-block-column-is-layout-flow\" style=\"flex-basis:25%\">\n<div class=\"wp-block-image\"><figure class=\"alignright size-full is-resized\"><img decoding=\"async\" loading=\"lazy\" src=\"https:\/\/virtual.unne.edu.ar\/SIED-UV\/wp-content\/uploads\/2021\/12\/hacer-clic.png\" alt=\"VISITAR SITIO\" class=\"wp-image-299\" width=\"92\" height=\"92\" srcset=\"https:\/\/virtual.unne.edu.ar\/SIED-UV\/wp-content\/uploads\/2021\/12\/hacer-clic.png 512w, https:\/\/virtual.unne.edu.ar\/SIED-UV\/wp-content\/uploads\/2021\/12\/hacer-clic-300x300.png 300w, https:\/\/virtual.unne.edu.ar\/SIED-UV\/wp-content\/uploads\/2021\/12\/hacer-clic-150x150.png 150w\" sizes=\"(max-width: 92px) 100vw, 92px\" \/><\/figure><\/div>\n<\/div>\n\n\n\n<div class=\"wp-block-column is-vertically-aligned-center is-layout-flow wp-block-column-is-layout-flow\" style=\"flex-basis:66.66%\">\n<hr class=\"wp-block-separator has-text-color has-background is-style-wide\" style=\"background-color:#008f34;color:#008f34\"\/>\n\n\n\n<p>Jard\u00edn Materno Infantil <a rel=\"noreferrer noopener\" href=\"https:\/\/hum.unne.edu.ar\/institucional\/jardin_unne\/\" target=\"_blank\">&#8220;Prof. N\u00e9lida Sosio de Iturrioz&#8221;<\/a><\/p>\n\n\n\n<hr class=\"wp-block-separator has-text-color has-background is-style-wide\" style=\"background-color:#0a704f;color:#0a704f\"\/>\n<\/div>\n<\/div>\n\n\n\n<h2 class=\"has-text-align-left has-text-color wp-block-heading\" style=\"color:#006d40\"> <img decoding=\"async\" loading=\"lazy\" width=\"9\" height=\"8\" class=\"wp-image-291\" style=\"width: 9px;\" src=\"https:\/\/virtual.unne.edu.ar\/SIED-UV\/wp-content\/uploads\/2021\/12\/listas-01.png\" alt=\"lista-verde-universidad\">  Residencias Universitarias <\/h2>\n\n\n\n<p>Est\u00e1n ubicadas en las ciudades de Corrientes y Resistencia, y son utilizadas para estad\u00edas cortas de alumnos del interior, de las Extensiones \u00c1ulicas, de los Centros Regionales, de otras universidades del pa\u00eds y el extranjero que necesiten de un alojamiento temporario para becas de intercambio para asistir a actividades acad\u00e9micas, deportivas, etc.<br>Tambi\u00e9n podr\u00e1n utilizar las instalaciones los padres de alumnos y que deseen acompa\u00f1ar a sus hijos en instancias de<br>examen, abonando un costo diferencial.<\/p>\n\n\n\n<div class=\"wp-block-columns is-layout-flex wp-container-48 wp-block-columns-is-layout-flex\">\n<div class=\"wp-block-column is-layout-flow wp-block-column-is-layout-flow\" style=\"flex-basis:25%\">\n<div class=\"wp-block-image\"><figure class=\"alignright size-full is-resized\"><img decoding=\"async\" loading=\"lazy\" src=\"https:\/\/virtual.unne.edu.ar\/SIED-UV\/wp-content\/uploads\/2021\/12\/hacer-clic.png\" alt=\"VISITAR SITIO\" class=\"wp-image-299\" width=\"92\" height=\"92\" srcset=\"https:\/\/virtual.unne.edu.ar\/SIED-UV\/wp-content\/uploads\/2021\/12\/hacer-clic.png 512w, https:\/\/virtual.unne.edu.ar\/SIED-UV\/wp-content\/uploads\/2021\/12\/hacer-clic-300x300.png 300w, https:\/\/virtual.unne.edu.ar\/SIED-UV\/wp-content\/uploads\/2021\/12\/hacer-clic-150x150.png 150w\" sizes=\"(max-width: 92px) 100vw, 92px\" \/><\/figure><\/div>\n<\/div>\n\n\n\n<div class=\"wp-block-column is-vertically-aligned-center is-layout-flow wp-block-column-is-layout-flow\" style=\"flex-basis:66.66%\">\n<hr class=\"wp-block-separator has-text-color has-background is-style-wide\" style=\"background-color:#008f34;color:#008f34\"\/>\n\n\n\n<p><a href=\"https:\/\/www.unne.edu.ar\/index.php?option=com_k2&amp;view=item&amp;layout=item&amp;id=47&amp;Itemid=461&amp;lang=es\" target=\"_blank\" rel=\"noreferrer noopener\">Residencias Universitarias UNNE<\/a><\/p>\n\n\n\n<hr class=\"wp-block-separator has-text-color has-background is-style-wide\" style=\"background-color:#0a704f;color:#0a704f\"\/>\n<\/div>\n<\/div>\n","protected":false},"excerpt":{"rendered":"<p>Becas para estudiantes La UNNE ofrece apoyo econ\u00f3mico a trav\u00e9s de becas de diferentes tipos para todos los estudiantes. Para acceder a ellas hay distintos requisitos, formas de inscripci\u00f3n y tiempos de gesti\u00f3n y desarrollo. Becas de Apoyo o Gesti\u00f3n Universitaria. Apuntan al acceso y a la permanencia de los estudiantes de bajos recursos econ\u00f3micos [&hellip;]<\/p>\n","protected":false},"featured_media":0,"parent":0,"template":"","categorias_uv_guias":[16,32],"acf":[],"_links":{"self":[{"href":"https:\/\/virtual.unne.edu.ar\/SIED-UV\/wp-json\/wp\/v2\/uv_guias\/313"}],"collection":[{"href":"https:\/\/virtual.unne.edu.ar\/SIED-UV\/wp-json\/wp\/v2\/uv_guias"}],"about":[{"href":"https:\/\/virtual.unne.edu.ar\/SIED-UV\/wp-json\/wp\/v2\/types\/uv_guias"}],"wp:attachment":[{"href":"https:\/\/virtual.unne.edu.ar\/SIED-UV\/wp-json\/wp\/v2\/media?parent=313"}],"wp:term":[{"taxonomy":"categorias_uv_guias","embeddable":true,"href":"https:\/\/virtual.unne.edu.ar\/SIED-UV\/wp-json\/wp\/v2\/categorias_uv_guias?post=313"}],"curies":[{"name":"wp","href":"https:\/\/api.w.org\/{rel}","templated":true}]}}