{"id":388,"date":"2021-12-22T08:30:01","date_gmt":"2021-12-22T11:30:01","guid":{"rendered":"https:\/\/virtual.unne.edu.ar\/SIED-UV\/?post_type=uv_guias&#038;p=388"},"modified":"2022-03-30T13:14:15","modified_gmt":"2022-03-30T16:14:15","slug":"habitos-de-estudio","status":"publish","type":"uv_guias","link":"https:\/\/virtual.unne.edu.ar\/SIED-UV\/uv_guias\/habitos-de-estudio\/","title":{"rendered":"H\u00e1bitos de estudio"},"content":{"rendered":"\n<p>Consolidar <strong>h\u00e1bitos constantes<\/strong> de estudio, como cualquier acci\u00f3n, al principio cuesta o no nos sale. Los h\u00e1bitos se logran con la repetici\u00f3n prolongada de un mismo comportamiento. Es decir que el <strong>SABER ESTUDIAR<\/strong> tampoco se da m\u00e1gicamente: requiere dedicaci\u00f3n constante y el compromiso, para que vayas incorporando el h\u00e1bito y que ese tiempo destinado al estudio se aproveche y se potencie. Son peque\u00f1os cambios que tendr\u00e1n que ver con tu organizaci\u00f3n, autogesti\u00f3n y constancia. Ciertas estrategias que podes ir implementando para facilitar y potenciar tu momento de estudio.<\/p>\n\n\n\n<div class=\"wp-block-image\"><figure class=\"aligncenter size-large is-resized\"><img decoding=\"async\" loading=\"lazy\" src=\"https:\/\/virtual.unne.edu.ar\/SIED-UV\/wp-content\/uploads\/2021\/12\/02-104-1024x800.png\" alt=\"\" class=\"wp-image-383\" width=\"512\" height=\"400\" srcset=\"https:\/\/virtual.unne.edu.ar\/SIED-UV\/wp-content\/uploads\/2021\/12\/02-104-1024x800.png 1024w, https:\/\/virtual.unne.edu.ar\/SIED-UV\/wp-content\/uploads\/2021\/12\/02-104-300x234.png 300w, https:\/\/virtual.unne.edu.ar\/SIED-UV\/wp-content\/uploads\/2021\/12\/02-104-768x600.png 768w, https:\/\/virtual.unne.edu.ar\/SIED-UV\/wp-content\/uploads\/2021\/12\/02-104.png 1201w\" sizes=\"(max-width: 512px) 100vw, 512px\" \/><\/figure><\/div>\n\n\n\n<div style=\"height:18px\" aria-hidden=\"true\" class=\"wp-block-spacer\"><\/div>\n\n\n\n<p>Para comenzar a armar y organizar tus rutinas de estudio te proponemos revisar:<\/p>\n\n\n\n<div class=\"wp-block-columns is-layout-flex wp-container-3 wp-block-columns-is-layout-flex\">\n<div class=\"wp-block-column is-layout-flow wp-block-column-is-layout-flow\" style=\"flex-basis:66.66%\">\n<div class=\"wp-block-sied-items itemNumerado\"><div class=\"row\"><div class=\"col-1\"><div class=\"itemNumero\">1<\/div><\/div><div class=\"col-11\"><h2>\u00bfDe qu\u00e9 forma organizas y gestionas tu tiempo?<\/h2><p><\/p><\/div><\/div><\/div>\n\n\n\n<div class=\"wp-block-sied-items itemNumerado\"><div class=\"row\"><div class=\"col-1\"><div class=\"itemNumero\">2<\/div><\/div><div class=\"col-11\"><h2>\u00bfD\u00f3nde estudias?<\/h2><p><\/p><\/div><\/div><\/div>\n\n\n\n<div class=\"wp-block-sied-items itemNumerado\"><div class=\"row\"><div class=\"col-1\"><div class=\"itemNumero\">3<\/div><\/div><div class=\"col-11\"><h2><a href=\"https:\/\/virtual.unne.edu.ar\/SIED-UV\/uv_guias\/tecnicas-de-estudio\/\">\u00bfC\u00f3mo estudias? &#8211; T\u00e9cnicas de estudio <\/a><\/h2><p><\/p><\/div><\/div><\/div>\n<\/div>\n\n\n\n<div class=\"wp-block-column is-layout-flow wp-block-column-is-layout-flow\" style=\"flex-basis:33.33%\">\n<figure class=\"wp-block-image size-full is-resized\"><img decoding=\"async\" loading=\"lazy\" src=\"https:\/\/virtual.unne.edu.ar\/SIED-UV\/wp-content\/uploads\/2021\/12\/02-66.png\" alt=\"\" class=\"wp-image-344\" width=\"197\" height=\"181\"\/><\/figure>\n<\/div>\n<\/div>\n\n\n\n<div style=\"height:18px\" aria-hidden=\"true\" class=\"wp-block-spacer\"><\/div>\n\n\n\n<h2 class=\"has-text-align-left has-text-color wp-block-heading\" style=\"color:#65b22e\">1 -Organizaci\u00f3n y gesti\u00f3n del tiempo:<\/h2>\n\n\n\n<p>Un buen<strong> rendimiento acad\u00e9mico <\/strong>depende en gran parte de una adecuada organizaci\u00f3n y gesti\u00f3n de tu tiempo de estudio. Saber planificar y organizarse en cuanto a la cursada, los horarios de las clases, a las actividades que demande cada c\u00e1tedra, participar activamente en los plazos determinados y tener en cuenta las fechas y los l\u00edmites de presentaci\u00f3n har\u00e1n que puedas sentirte m\u00e1s confiado y preparado a lo largo de la cursada y en las instancias de<br>evaluaci\u00f3n.<br>Si aprendes a <strong>manejar y distribuir tus actividades acad\u00e9micas<\/strong> podr\u00e1s ir asimilando los contenidos y la informaci\u00f3n de las materias de forma gradual esto te ayudar\u00e1 a que se minimicen los momentos de agobio y ansiedad que puede provocar el cursado de una carrera universitaria.<br>Tu <strong>organizaci\u00f3n personal<\/strong> ir\u00e1 mejorando a medida que avances en el cursado y puedas descubrir tu ritmo de aprendizaje as\u00ed tambi\u00e9n como ir\u00e1s conociendo el grado de dificultad, exigencia y criterios de evaluaci\u00f3n de cada c\u00e1tedra que curses<\/p>\n\n\n\n<div class=\"wp-block-columns is-layout-flex wp-container-6 wp-block-columns-is-layout-flex\">\n<div class=\"wp-block-column is-layout-flow wp-block-column-is-layout-flow\" style=\"flex-basis:40%\"><\/div>\n\n\n\n<div class=\"wp-block-column is-layout-flow wp-block-column-is-layout-flow\" style=\"flex-basis:60%\">\n<hr class=\"wp-block-separator has-text-color has-background is-style-wide\" style=\"background-color:#65b22e;color:#65b22e\"\/>\n\n\n\n<p class=\"has-text-align-right has-text-color\" style=\"color:#65b22e\"><em> Organizar tu tiempo es elemental. Planificar rutinas, armar cronogramas con horarios diferenciados para sentarte a estudiar, cursar materias y cumplir actividades personales. <\/em><\/p>\n\n\n\n<p class=\"has-text-align-right has-text-color\" style=\"color:#65b22e\"><em>Esto te ayudar\u00e1 para que llegues a tiempo a los plazos establecidos y a los ex\u00e1menes, acrecentando tu confianza y disminuyendo ansiedades. <\/em><\/p>\n<\/div>\n<\/div>\n\n\n\n<p>Para comenzar a <strong>planificar y gestionar <\/strong>tu tiempo lo primero que debes preguntarte es <strong>\u201c\u00bfc\u00f3mo gastas tu tiempo?\u201d<\/strong>. Para responder esta pregunta la herramienta m\u00e1s \u00fatil es que armes tu propio cronograma semanal, y distribuyas en el todas tus actividades, tus rutinas (horas dedicadas al descanso, al ocio, obligaciones personales), esta actividad har\u00e1 que puedas visualizar como estas distribuyendo tu tiempo e identificar qu\u00e9 reformas podr\u00edas hacer para potenciar tu tiempo de estudio pero planificando tambi\u00e9n las otras actividades personales que tengas.<\/p>\n\n\n\n<div class=\"wp-block-image\"><figure class=\"aligncenter size-full is-resized\"><img decoding=\"async\" loading=\"lazy\" src=\"https:\/\/virtual.unne.edu.ar\/SIED-UV\/wp-content\/uploads\/2021\/12\/02-73.png\" alt=\"\" class=\"wp-image-346\" width=\"588\" height=\"391\" srcset=\"https:\/\/virtual.unne.edu.ar\/SIED-UV\/wp-content\/uploads\/2021\/12\/02-73.png 588w, https:\/\/virtual.unne.edu.ar\/SIED-UV\/wp-content\/uploads\/2021\/12\/02-73-300x199.png 300w\" sizes=\"(max-width: 588px) 100vw, 588px\" \/><\/figure><\/div>\n\n\n\n<p>Para una \u00f3ptima distribuci\u00f3n del tiempo es elemental que tengas en cuenta tus <strong>METAS<\/strong>. Esto te motivar\u00e1 a centrar tus ideas y acomodar tus actividades. Las metas pueden ser a <strong>corto, mediano o largo plazo<\/strong>, por ejemplo una meta a largo plazo si sos estudiante ingresante ser\u00e1 recibirte y poder ejercer tu profesi\u00f3n, si se tiene en cuenta a donde se quiere llegar lograr\u00e1s sentirte m\u00e1s motivado y comprometido en el proceso. <\/p>\n\n\n\n<div class=\"wp-block-image\"><figure class=\"aligncenter size-full is-resized\"><img decoding=\"async\" loading=\"lazy\" src=\"https:\/\/virtual.unne.edu.ar\/SIED-UV\/wp-content\/uploads\/2021\/12\/02-75.png\" alt=\"Mi Misi\u00f3n + mi plan. Mi meta\" class=\"wp-image-348\" width=\"572\" height=\"267\" srcset=\"https:\/\/virtual.unne.edu.ar\/SIED-UV\/wp-content\/uploads\/2021\/12\/02-75.png 572w, https:\/\/virtual.unne.edu.ar\/SIED-UV\/wp-content\/uploads\/2021\/12\/02-75-300x140.png 300w\" sizes=\"(max-width: 572px) 100vw, 572px\" \/><\/figure><\/div>\n\n\n\n<div class=\"wp-block-columns is-layout-flex wp-container-9 wp-block-columns-is-layout-flex\">\n<div class=\"wp-block-column is-layout-flow wp-block-column-is-layout-flow\" style=\"flex-basis:40%\"><\/div>\n\n\n\n<div class=\"wp-block-column is-layout-flow wp-block-column-is-layout-flow\" style=\"flex-basis:60%\">\n<hr class=\"wp-block-separator has-text-color has-background is-style-wide\" style=\"background-color:#65b22e;color:#65b22e\"\/>\n\n\n\n<p class=\"has-text-align-right has-text-color\" style=\"color:#65b22e\"><em>Es importante que las metas que te propongas sean reales y factibles de realizar, para evitar frustraciones. Realizando metas de corto plazo podes con el tiempo alcanzar grandes sue\u00f1os.<\/em><\/p>\n\n\n\n<p class=\"has-text-align-right has-text-color\" style=\"color:#65b22e\"><em><br><strong>\u201cUna meta es un sue\u00f1o con fecha l\u00edmite\u201d<\/strong><\/em><\/p>\n<\/div>\n<\/div>\n\n\n\n<hr class=\"wp-block-separator has-text-color has-background is-style-wide\" style=\"background-color:#65b22e;color:#65b22e\"\/>\n\n\n\n<p><strong> <strong>Recomendaciones para tener una mayor organizaci\u00f3n y gesti\u00f3n de tu tiempo:<\/strong> <\/strong><\/p>\n\n\n\n<ul><li><img decoding=\"async\" loading=\"lazy\" width=\"8\" height=\"9\" class=\"wp-image-292\" style=\"width: 8px;\" src=\"https:\/\/virtual.unne.edu.ar\/SIED-UV\/wp-content\/uploads\/2021\/12\/listas-02.png\" alt=\"lista-verdeclaro-estudiar\">   Organ\u00edzate con anticipaci\u00f3n y no dejes todo para \u00faltimo momento.<\/li><li><img decoding=\"async\" loading=\"lazy\" width=\"8\" height=\"9\" class=\"wp-image-292\" style=\"width: 8px;\" src=\"https:\/\/virtual.unne.edu.ar\/SIED-UV\/wp-content\/uploads\/2021\/12\/listas-02.png\" alt=\"lista-verdeclaro-estudiar\">   Realizar un cronograma con horarios y todas tus actividades diarias.<\/li><li><img decoding=\"async\" loading=\"lazy\" width=\"8\" height=\"9\" class=\"wp-image-292\" style=\"width: 8px;\" src=\"https:\/\/virtual.unne.edu.ar\/SIED-UV\/wp-content\/uploads\/2021\/12\/listas-02.png\" alt=\"lista-verdeclaro-estudiar\">   Confecciona una lista de actividades pendientes y ord\u00e9nalas por prioridad.<\/li><li><img decoding=\"async\" loading=\"lazy\" width=\"8\" height=\"9\" class=\"wp-image-292\" style=\"width: 8px;\" src=\"https:\/\/virtual.unne.edu.ar\/SIED-UV\/wp-content\/uploads\/2021\/12\/listas-02.png\" alt=\"lista-verdeclaro-estudiar\">   Utiliza un calendario semanal o mensual de actividades para poder visualizar el tiempo real disponible para tu estudio y las actividades que ten\u00e9s pendientes.<\/li><li><img decoding=\"async\" loading=\"lazy\" width=\"8\" height=\"9\" class=\"wp-image-292\" style=\"width: 8px;\" src=\"https:\/\/virtual.unne.edu.ar\/SIED-UV\/wp-content\/uploads\/2021\/12\/listas-02.png\" alt=\"lista-verdeclaro-estudiar\">   Lleva una agenda y \u00fasala para anotar todas las fechas mensuales de ex\u00e1menes.<\/li><li><img decoding=\"async\" loading=\"lazy\" width=\"8\" height=\"9\" class=\"wp-image-292\" style=\"width: 8px;\" src=\"https:\/\/virtual.unne.edu.ar\/SIED-UV\/wp-content\/uploads\/2021\/12\/listas-02.png\" alt=\"lista-verdeclaro-estudiar\">   Organiza los contenidos que tenes que estudiar por partes, respeta las unidades. Gu\u00edate por el programa de la materia.<\/li><li><img decoding=\"async\" loading=\"lazy\" width=\"8\" height=\"9\" class=\"wp-image-292\" style=\"width: 8px;\" src=\"https:\/\/virtual.unne.edu.ar\/SIED-UV\/wp-content\/uploads\/2021\/12\/listas-02.png\" alt=\"lista-verdeclaro-estudiar\">   Determina tiempo para tus hobbies<\/li><li><img decoding=\"async\" loading=\"lazy\" width=\"8\" height=\"9\" class=\"wp-image-292\" style=\"width: 8px;\" src=\"https:\/\/virtual.unne.edu.ar\/SIED-UV\/wp-content\/uploads\/2021\/12\/listas-02.png\" alt=\"lista-verdeclaro-estudiar\">   Cada 15 d\u00edas revisa si tu plan est\u00e1 funcionando, modificalo en caso de que sea necesario.<\/li><li><img decoding=\"async\" loading=\"lazy\" width=\"8\" height=\"9\" class=\"wp-image-292\" style=\"width: 8px;\" src=\"https:\/\/virtual.unne.edu.ar\/SIED-UV\/wp-content\/uploads\/2021\/12\/listas-02.png\" alt=\"lista-verdeclaro-estudiar\">   Ten\u00e9 cuidado con los ladrones de tu tiempo (redes sociales, juegos, dispersi\u00f3n, procrastinar) <\/li><\/ul>\n\n\n\n<p><\/p>\n\n\n\n<hr class=\"wp-block-separator has-text-color has-background is-style-wide\" style=\"background-color:#65b22e;color:#65b22e\"\/>\n\n\n\n<p><strong>Prioriza las actividades pendientes distinguiendo:<\/strong><\/p>\n\n\n\n<ul><li><img decoding=\"async\" loading=\"lazy\" width=\"8\" height=\"9\" class=\"wp-image-292\" style=\"width: 8px;\" src=\"https:\/\/virtual.unne.edu.ar\/SIED-UV\/wp-content\/uploads\/2021\/12\/listas-02.png\" alt=\"lista-verdeclaro-estudiar\">    Tareas importantes que requieren tu atenci\u00f3n hoy mismo.<\/li><li><img decoding=\"async\" loading=\"lazy\" width=\"8\" height=\"9\" class=\"wp-image-292\" style=\"width: 8px;\" src=\"https:\/\/virtual.unne.edu.ar\/SIED-UV\/wp-content\/uploads\/2021\/12\/listas-02.png\" alt=\"lista-verdeclaro-estudiar\">    Tareas que, siendo importantes, pueden posponerse si es necesario.<\/li><li><img decoding=\"async\" loading=\"lazy\" width=\"8\" height=\"9\" class=\"wp-image-292\" style=\"width: 8px;\" src=\"https:\/\/virtual.unne.edu.ar\/SIED-UV\/wp-content\/uploads\/2021\/12\/listas-02.png\" alt=\"lista-verdeclaro-estudiar\">    Tareas que es recomendable hacerlas, pero s\u00f3lo una vez que hayas hecho las anteriores.<\/li><li><img decoding=\"async\" loading=\"lazy\" width=\"8\" height=\"9\" class=\"wp-image-292\" style=\"width: 8px;\" src=\"https:\/\/virtual.unne.edu.ar\/SIED-UV\/wp-content\/uploads\/2021\/12\/listas-02.png\" alt=\"lista-verdeclaro-estudiar\">    Intenta cumplir tus objetivos diarios, si por alguna raz\u00f3n no lo podes cumplir no te desanimes podes volver a intentarlo<\/li><\/ul>\n\n\n\n<div style=\"height:42px\" aria-hidden=\"true\" class=\"wp-block-spacer\"><\/div>\n\n\n\n<h2 class=\"has-text-align-left has-text-color wp-block-heading\" style=\"color:#65b22e\">2. D\u00f3nde estudias?<\/h2>\n\n\n\n<div class=\"wp-block-columns is-layout-flex wp-container-12 wp-block-columns-is-layout-flex\">\n<div class=\"wp-block-column is-layout-flow wp-block-column-is-layout-flow\" style=\"flex-basis:66.66%\">\n<p>Entendiendo que cada estudiante tiene sus posibilidades y disponibilidades<br>queremos que sepas que la elecci\u00f3n de este lugar es algo importante y significativo para tu estudio ya que puede potenciar o debilitar tu atenci\u00f3n y concentraci\u00f3n.<\/p>\n<\/div>\n\n\n\n<div class=\"wp-block-column is-layout-flow wp-block-column-is-layout-flow\" style=\"flex-basis:33.33%\">\n<figure class=\"wp-block-image size-full\"><img decoding=\"async\" loading=\"lazy\" width=\"177\" height=\"171\" src=\"https:\/\/virtual.unne.edu.ar\/SIED-UV\/wp-content\/uploads\/2021\/12\/02-77.png\" alt=\"\" class=\"wp-image-349\"\/><\/figure>\n<\/div>\n<\/div>\n\n\n\n<hr class=\"wp-block-separator has-text-color has-background is-style-wide\" style=\"background-color:#65b22e;color:#65b22e\"\/>\n\n\n\n<p><strong>Aspectos a considerar para tu lugar de estudio:<\/strong><\/p>\n\n\n\n<ul><li>Debe ser un lugar adecuado para que puedas concentrarte, en lo posible intenta que sea un lugar<strong> tranquilo, agradable,<\/strong> <strong>que no tenga muchos ruidos y que tenga buena iluminaci\u00f3n.<\/strong><\/li><li><strong>No estudies en la cama ni en un sill\u00f3n<\/strong>. Estudia en una silla en lo posible que tenga respaldo y apoyabrazos, para que logres estar c\u00f3modo y mantener una buena postura esto evitar\u00e1 cansarte y sufrir dolores lumbares.<\/li><li>En la mesa ten\u00e9 a mano <strong>solo lo necesario para estudiar<\/strong>: PC, Tablet, l\u00e1pices, resaltadores, cargadores, un vaso con agua, etc. para evitar moverte constantemente y distraerte. Sobre todo deja de lado el celular si no lo vas a utilizar para estudiar.<\/li><li>Es \u00fatil <strong>realizar una cartelera<\/strong> en la misma podes poner tu cronograma, frases que te incentiven, las fechas de los ex\u00e1menes y tus metas.<\/li><li>En caso <strong>de convivir con tu familia o con otras personas<\/strong> compartiles tus horarios de estudio y tus ex\u00e1menes, esto ayudar\u00e1 a evitar distracciones y que ellos puedan colaborar respetando tus momentos.<\/li><li>En lo posible <strong>intenta que el lugar sea siempre el mismo<\/strong> y acondicionalo para que se vuelva un lugar c\u00f3modo y agradable<\/li><\/ul>\n\n\n\n<div class=\"wp-block-image\"><figure class=\"aligncenter size-full\"><img decoding=\"async\" loading=\"lazy\" width=\"356\" height=\"221\" src=\"https:\/\/virtual.unne.edu.ar\/SIED-UV\/wp-content\/uploads\/2021\/12\/02-79.png\" alt=\"Les comparto mis horarios de estudio, as\u00ed me ayudan evitando distraerme. Gracias!\" class=\"wp-image-350\" srcset=\"https:\/\/virtual.unne.edu.ar\/SIED-UV\/wp-content\/uploads\/2021\/12\/02-79.png 356w, https:\/\/virtual.unne.edu.ar\/SIED-UV\/wp-content\/uploads\/2021\/12\/02-79-300x186.png 300w\" sizes=\"(max-width: 356px) 100vw, 356px\" \/><\/figure><\/div>\n\n\n\n<div class=\"wp-block-columns is-layout-flex wp-container-15 wp-block-columns-is-layout-flex\">\n<div class=\"wp-block-column is-layout-flow wp-block-column-is-layout-flow\" style=\"flex-basis:20%\">\n<div class=\"wp-block-image\"><figure class=\"alignright size-full is-resized\"><img decoding=\"async\" loading=\"lazy\" src=\"https:\/\/virtual.unne.edu.ar\/SIED-UV\/wp-content\/uploads\/2021\/12\/neurona-1.png\" alt=\"\" class=\"wp-image-391\" width=\"91\" height=\"91\" srcset=\"https:\/\/virtual.unne.edu.ar\/SIED-UV\/wp-content\/uploads\/2021\/12\/neurona-1.png 512w, https:\/\/virtual.unne.edu.ar\/SIED-UV\/wp-content\/uploads\/2021\/12\/neurona-1-300x300.png 300w, https:\/\/virtual.unne.edu.ar\/SIED-UV\/wp-content\/uploads\/2021\/12\/neurona-1-150x150.png 150w\" sizes=\"(max-width: 91px) 100vw, 91px\" \/><\/figure><\/div>\n<\/div>\n\n\n\n<div class=\"wp-block-column is-vertically-aligned-top is-layout-flow wp-block-column-is-layout-flow\" style=\"flex-basis:80%\">\n<hr class=\"wp-block-separator has-text-color has-background is-style-wide\" style=\"background-color:#65b22e;color:#65b22e\"\/>\n\n\n\n<p>Ya generamos el ambiente para estudiar. Es momento de pensar el punto 3: <\/p>\n\n\n\n<h2 class=\"has-text-align-left has-text-color wp-block-heading\" style=\"color:#65b22e\"><a href=\"https:\/\/virtual.unne.edu.ar\/SIED-UV\/uv_guias\/tecnicas-de-estudio\/\">\u00bfC\u00f3mo estudias? <\/a><\/h2>\n\n\n\n<p>All\u00ed te presentamos <strong>T\u00e9cnicas de estudio <\/strong>que pueden ayudarte a ponerte en pr\u00e1ctica.  <\/p>\n\n\n\n<hr class=\"wp-block-separator has-text-color has-background is-style-wide\" style=\"background-color:#65b22e;color:#65b22e\"\/>\n<\/div>\n<\/div>\n\n\n\n<p><\/p>\n","protected":false},"excerpt":{"rendered":"<p>Consolidar h\u00e1bitos constantes de estudio, como cualquier acci\u00f3n, al principio cuesta o no nos sale. Los h\u00e1bitos se logran con la repetici\u00f3n prolongada de un mismo comportamiento. Es decir que el SABER ESTUDIAR tampoco se da m\u00e1gicamente: requiere dedicaci\u00f3n constante y el compromiso, para que vayas incorporando el h\u00e1bito y que ese tiempo destinado al [&hellip;]<\/p>\n","protected":false},"featured_media":0,"parent":0,"template":"","categorias_uv_guias":[16,33],"acf":[],"_links":{"self":[{"href":"https:\/\/virtual.unne.edu.ar\/SIED-UV\/wp-json\/wp\/v2\/uv_guias\/388"}],"collection":[{"href":"https:\/\/virtual.unne.edu.ar\/SIED-UV\/wp-json\/wp\/v2\/uv_guias"}],"about":[{"href":"https:\/\/virtual.unne.edu.ar\/SIED-UV\/wp-json\/wp\/v2\/types\/uv_guias"}],"wp:attachment":[{"href":"https:\/\/virtual.unne.edu.ar\/SIED-UV\/wp-json\/wp\/v2\/media?parent=388"}],"wp:term":[{"taxonomy":"categorias_uv_guias","embeddable":true,"href":"https:\/\/virtual.unne.edu.ar\/SIED-UV\/wp-json\/wp\/v2\/categorias_uv_guias?post=388"}],"curies":[{"name":"wp","href":"https:\/\/api.w.org\/{rel}","templated":true}]}}