{"id":395,"date":"2021-12-22T09:45:22","date_gmt":"2021-12-22T12:45:22","guid":{"rendered":"https:\/\/virtual.unne.edu.ar\/SIED-UV\/?post_type=uv_guias&#038;p=395"},"modified":"2021-12-28T09:14:27","modified_gmt":"2021-12-28T12:14:27","slug":"las-emociones-tambien-influyen","status":"publish","type":"uv_guias","link":"https:\/\/virtual.unne.edu.ar\/SIED-UV\/uv_guias\/las-emociones-tambien-influyen\/","title":{"rendered":"Las emociones tambi\u00e9n influyen"},"content":{"rendered":"\n<p><strong><em>Las emociones son reacciones que todos experimentamos: alegr\u00eda, tristeza, miedo, ira. <\/em><\/strong><\/p>\n\n\n\n<p>Si bien son conocidas por todos no por eso dejan de tener complejidad. Aunque todos hemos sentido la ansiedad o el nerviosismo, no todos somos conscientes de que un mal manejo de estas emociones puede perjudicar nuestro desempe\u00f1o acad\u00e9mico.<\/p>\n\n\n\n<p>El <strong>autoconocimiento<\/strong> personal y la autorregulaci\u00f3n emocional son indicadores de nuestra inteligencia emocional ya que son las que permiten el control y la expresi\u00f3n de nuestras emociones.<\/p>\n\n\n\n<p>Es por esta raz\u00f3n que nuestras habilidades emocionales nos influyen en nuestras trayectorias formativas. Para poder manejarlas y controlar es necesario reconocerlas y a su vez reconocer c\u00f3mo intervienen en nuestro aprendizaje.<\/p>\n\n\n\n<div style=\"height:26px\" aria-hidden=\"true\" class=\"wp-block-spacer\"><\/div>\n\n\n\n<h2 class=\"has-text-align-left has-text-color wp-block-heading\" style=\"color:#65b22e\">Ansiedad.<\/h2>\n\n\n\n<p><strong><em>La ansiedad es una reacci\u00f3n emocional. <\/em><\/strong><\/p>\n\n\n\n<p>Es un sentimiento de miedo, temor e inquietud, surge ante la presencia de una persona, objeto o situaci\u00f3n que supone alg\u00fan tipo de amenaza para la persona. <\/p>\n\n\n\n<p>Algunos estudiantes la pueden experimentar en las instancias de evaluaci\u00f3n. <\/p>\n\n\n\n<p>Es importante aclarar que la ansiedad en una medida justa te puede ayudar a superar situaciones, haci\u00e9ndote mantener alerta y anticip\u00e1ndote. Pero si la sent\u00eds constantemente te puede perjudicar en tu rendimiento acad\u00e9mico.<\/p>\n\n\n\n<p>Por eso es muy importante reconocerla y saber c\u00f3mo afrontarla.<\/p>\n\n\n\n<hr class=\"wp-block-separator has-text-color has-background is-style-wide\" style=\"background-color:#eaeaea;color:#eaeaea\"\/>\n\n\n\n<p>Podemos distinguir dos tipos de ansiedad a la horar de preparar un examen: <\/p>\n\n\n\n<ul><li><strong>Anticipatoria: <\/strong>es el sentimiento de malestar que se produce a la hora de estudiar o al pensar en que pasar\u00e1 en el examen.<\/li><li><strong>Situacional: <\/strong>acontece durante el propio examen.<\/li><\/ul>\n\n\n\n<h3 class=\"has-text-align-left has-medium-font-size wp-block-heading\"><br><em><strong>\u00bfPor qu\u00e9 aparece?<\/strong><\/em><\/h3>\n\n\n\n<p>En la mayor\u00eda de las ocasiones existe un agente real o percibido que activa la ansiedad esto puede ser una experiencia anterior de bloqueo o quedarse en blanco en un examen o no haber sido capaz de recordar respuestas que s\u00ed sabias.<\/p>\n\n\n\n<p>Si la preparaci\u00f3n ha sido la correcta y con la anticipaci\u00f3n necesaria la ansiedad puede ser debido a pensamientos negativos o preocupaciones constantes.<\/p>\n\n\n\n<p>Tambi\u00e9n es posible que sea debido a una falta de preparaci\u00f3n para el examen lo cual es una raz\u00f3n v\u00e1lida para estar preocupado y no sentir confianza.<\/p>\n\n\n\n<p>Una mala autogesti\u00f3n del tiempo, malos h\u00e1bitos de estudio o un atrac\u00f3n de comida la noche anterior al examen son factores que incrementan tu ansiedad. <\/p>\n\n\n\n<h3 class=\"has-text-align-left has-medium-font-size wp-block-heading\"><br><em><strong>\u00bfC\u00f3mo nos afecta la ansiedad?<\/strong><\/em><\/h3>\n\n\n\n<p>Vamos a intentar listar algunos de los s\u00edntomas m\u00e1s comunes en la que se manifiesta la ansiedad:<\/p>\n\n\n\n<div class=\"wp-block-image\"><figure class=\"aligncenter size-large is-resized\"><img decoding=\"async\" loading=\"lazy\" src=\"https:\/\/virtual.unne.edu.ar\/SIED-UV\/wp-content\/uploads\/2021\/12\/02-68-1024x1012.png\" alt=\"\" class=\"wp-image-396\" width=\"512\" height=\"506\" srcset=\"https:\/\/virtual.unne.edu.ar\/SIED-UV\/wp-content\/uploads\/2021\/12\/02-68-1024x1012.png 1024w, https:\/\/virtual.unne.edu.ar\/SIED-UV\/wp-content\/uploads\/2021\/12\/02-68-300x296.png 300w, https:\/\/virtual.unne.edu.ar\/SIED-UV\/wp-content\/uploads\/2021\/12\/02-68-768x759.png 768w, https:\/\/virtual.unne.edu.ar\/SIED-UV\/wp-content\/uploads\/2021\/12\/02-68.png 1183w\" sizes=\"(max-width: 512px) 100vw, 512px\" \/><\/figure><\/div>\n\n\n\n<p class=\"has-medium-font-size\"><strong>Estrategias para dominar la ansiedad<\/strong><\/p>\n\n\n\n<ul><li><strong>Empez\u00e1<\/strong> <strong>antes<\/strong>: esto incrementar\u00e1 tu sensaci\u00f3n de seguridad y confianza<\/li><li><strong>Confianza<\/strong>: evita los pensamientos negativos como \u201cvoy a salir mal\u201d, \u201cno se nada\u201d, \u201cno sirvo\u201d por otros pensamientos m\u00e1s realistas y operativos como \u201cme esforce mucho\u201d, \u201cesto no va poder conmigo\u201d , \u201cvoy a hacer los mejor que pueda\u201d.<\/li><li><strong>Planific\u00e1<\/strong>: establece metas de estudio que puedas cumplir.<\/li><li><strong>No huyas<\/strong>: Procura exponerte ante las situaciones que te produzcan ansiedad. Este paso es necesario para abordar la ansiedad en general y para acrecentar d\u00eda a d\u00eda tus habilidades para manejarla no evites asistir a un examen por el miedo de quedarte en blanco, desarrollar habilidades para afrontar la ansiedad es un proceso gradual que<br>ir\u00e1s afianzando diariamente.<\/li><li><strong>Rel\u00e1jate<\/strong>: Practica alguna t\u00e9cnica de relajaci\u00f3n y respiraci\u00f3n que te ayude a sentirte tranquilo.<\/li><li><strong>Respeta<\/strong> los horarios de sue\u00f1o, come bien y si podes camina o ejerc\u00edtate.<\/li><li><strong>Recompensate<\/strong>: Te estas esforzando, date premios que te reconforten.<\/li><\/ul>\n\n\n\n<p> <span style=\"font-size: revert; color: initial;\">En caso de no conseguir controlar la ansiedad ped\u00ed ayuda, comenta tu situaci\u00f3n con tu entorno: acud\u00ed a tu familia, amigos, profesores. <\/span><\/p>\n\n\n\n<div class=\"wp-block-columns is-layout-flex wp-container-3 wp-block-columns-is-layout-flex\">\n<div class=\"wp-block-column is-vertically-aligned-center is-layout-flow wp-block-column-is-layout-flow\" style=\"flex-basis:66.66%\">\n<p class=\"has-text-align-right has-text-color\" style=\"color:#65b22e\"><em> Intenta <strong>disfrutar el proceso<\/strong> de ser estudiante universitario, conlleva mucho esfuerzo pero es <strong>una etapa muy valiosa<\/strong>! <\/em><\/p>\n<\/div>\n\n\n\n<div class=\"wp-block-column is-layout-flow wp-block-column-is-layout-flow\" style=\"flex-basis:33.33%\">\n<figure class=\"wp-block-image size-full is-resized\"><img decoding=\"async\" loading=\"lazy\" src=\"https:\/\/virtual.unne.edu.ar\/SIED-UV\/wp-content\/uploads\/2021\/12\/02-76.png\" alt=\"\" class=\"wp-image-401\" width=\"178\" height=\"208\" srcset=\"https:\/\/virtual.unne.edu.ar\/SIED-UV\/wp-content\/uploads\/2021\/12\/02-76.png 355w, https:\/\/virtual.unne.edu.ar\/SIED-UV\/wp-content\/uploads\/2021\/12\/02-76-256x300.png 256w\" sizes=\"(max-width: 178px) 100vw, 178px\" \/><\/figure>\n<\/div>\n<\/div>\n\n\n\n<div style=\"height:28px\" aria-hidden=\"true\" class=\"wp-block-spacer\"><\/div>\n\n\n\n<h2 class=\"has-text-align-left has-text-color wp-block-heading\" style=\"color:#65b22e\">Concentraci\u00f3n\/atenci\u00f3n.<\/h2>\n\n\n\n<p>La concentraci\u00f3n depende del auto control. Hay personas que pueden concentrarse muy r\u00e1pido mientras otras se pueden distraer de su estudio y volar su imaginaci\u00f3n ante un m\u00ednimo sonido.<\/p>\n\n\n\n<div class=\"wp-block-columns is-layout-flex wp-container-6 wp-block-columns-is-layout-flex\">\n<div class=\"wp-block-column is-layout-flow wp-block-column-is-layout-flow\" style=\"flex-basis:50%\">\n<p><br><strong>Ten\u00e9 cuidado con los ladrones del tiempo: <\/strong><\/p>\n\n\n\n<ul><li>celular<\/li><li>televisor<\/li><li>interrupciones<\/li><li>visitas<\/li><li>redes sociales<\/li><li>el desorden constante<\/li><li>la falta de inter\u00e9s<\/li><li>el des\u00e1nimo<\/li><\/ul>\n<\/div>\n\n\n\n<div class=\"wp-block-column is-layout-flow wp-block-column-is-layout-flow\" style=\"flex-basis:50%\">\n<figure class=\"wp-block-image size-full is-resized\"><img decoding=\"async\" loading=\"lazy\" src=\"https:\/\/virtual.unne.edu.ar\/SIED-UV\/wp-content\/uploads\/2021\/12\/02-78.png\" alt=\"\" class=\"wp-image-403\" width=\"294\" height=\"248\" srcset=\"https:\/\/virtual.unne.edu.ar\/SIED-UV\/wp-content\/uploads\/2021\/12\/02-78.png 587w, https:\/\/virtual.unne.edu.ar\/SIED-UV\/wp-content\/uploads\/2021\/12\/02-78-300x253.png 300w\" sizes=\"(max-width: 294px) 100vw, 294px\" \/><\/figure>\n<\/div>\n<\/div>\n\n\n\n<p>En caso de que te cueste de sobremanera mantenerte concentrado podes estudiar en intervalos cortos de 20 min y descansos de 5 minutos para ir ejercitando y aumentando paulatinamente el tiempo de concentraci\u00f3n. <\/p>\n\n\n\n<p>Es importante que en los descansos no recurras al celular, redes sociales o televisi\u00f3n, si no que aproveches en hacerte una infusi\u00f3n, estirar un poco, caminar por tu lugar de estudio. Los dispositivos electr\u00f3nicos tienen mucha estimulaci\u00f3n de sonidos y colores, esto no ayuda a ejercitar tu concentraci\u00f3n.<\/p>\n\n\n\n<div class=\"wp-block-columns is-layout-flex wp-container-9 wp-block-columns-is-layout-flex\">\n<div class=\"wp-block-column is-layout-flow wp-block-column-is-layout-flow\" style=\"flex-basis:33.33%\"><\/div>\n\n\n\n<div class=\"wp-block-column is-layout-flow wp-block-column-is-layout-flow\" style=\"flex-basis:66.66%\">\n<p class=\"has-text-align-right has-text-color\" style=\"color:#65b22e\"> <strong><em>La concentraci\u00f3n es muy \u00fatil porque acorta los tiempos de estudio y gana tiempo para el ocio.<\/em><\/strong> <\/p>\n<\/div>\n<\/div>\n\n\n\n<div style=\"height:28px\" aria-hidden=\"true\" class=\"wp-block-spacer\"><\/div>\n\n\n\n<h2 class=\"has-text-align-left has-text-color wp-block-heading\" style=\"color:#65b22e\">Motivaci\u00f3n.<\/h2>\n\n\n\n<p>La motivaci\u00f3n es elemental para la vida de cualquier persona porque es el motor que mueve e impulsa a tus objetivos y deseos. <em><strong>Est\u00e1 ligada a la creaci\u00f3n de expectativas.<\/strong><\/em> <\/p>\n\n\n\n<p>Es un proceso que esta constituido por tres fases: existencia de una necesidad interna, comportamiento que conduce la satisfacci\u00f3n de esa necesidad y recompensa por la propia satisfacci\u00f3n de la necesidad.<\/p>\n\n\n\n<p>La motivaci\u00f3n de una persona puede dirigirse seg\u00fan diferentes criterios que caracterizan a la persona o a las  circunstancias espec\u00edficas del momento podemos nombrar dos tipos de motivaci\u00f3n:<\/p>\n\n\n\n<ul><li><em><strong>Motivaci\u00f3n intr\u00ednseca: <\/strong><\/em>act\u00faan por motivaci\u00f3n intr\u00ednseca las personas que realizan una actividad por el puro placer y la satisfacci\u00f3n que experimentan mientras la aprenden, exploran o tratan de entender algo nuevo. Ejemplo: Estudio abogac\u00eda porque siempre ha sido mi sue\u00f1o.<\/li><li><strong><em>Motivaci\u00f3n extr\u00ednseca: <\/em><\/strong>Cuando una persona se implica en una actividad no tanto porque le guste sino porque las ventajas que \u00e9sta le ofrece. Ejemplo: me inscrib\u00ed a abogac\u00eda porque mis padres son abogados y quieren que yo tambi\u00e9n lo sea.<\/li><\/ul>\n\n\n\n<div class=\"wp-block-image\"><figure class=\"aligncenter size-large is-resized\"><img decoding=\"async\" loading=\"lazy\" src=\"https:\/\/virtual.unne.edu.ar\/SIED-UV\/wp-content\/uploads\/2021\/12\/02-81-1024x599.png\" alt=\"\" class=\"wp-image-398\" width=\"512\" height=\"300\" srcset=\"https:\/\/virtual.unne.edu.ar\/SIED-UV\/wp-content\/uploads\/2021\/12\/02-81-1024x599.png 1024w, https:\/\/virtual.unne.edu.ar\/SIED-UV\/wp-content\/uploads\/2021\/12\/02-81-300x175.png 300w, https:\/\/virtual.unne.edu.ar\/SIED-UV\/wp-content\/uploads\/2021\/12\/02-81-768x449.png 768w, https:\/\/virtual.unne.edu.ar\/SIED-UV\/wp-content\/uploads\/2021\/12\/02-81.png 1259w\" sizes=\"(max-width: 512px) 100vw, 512px\" \/><\/figure><\/div>\n\n\n\n<div style=\"height:20px\" aria-hidden=\"true\" class=\"wp-block-spacer\"><\/div>\n\n\n\n<h2 class=\"has-text-align-left has-text-color wp-block-heading\" style=\"color:#65b22e\">Evit\u00e1 postergar el estudio, evit\u00e1 Procrastinar.<\/h2>\n\n\n\n<p>Aplazar repetidamente algo que ten\u00e9s que hacer . Esta asociada a la distracci\u00f3n y a la ansiedad.<br>Se puede convertir en un h\u00e1bito que te puede perjudicar en tu rendimiento acad\u00e9mico.<\/p>\n\n\n\n<div class=\"wp-block-columns is-layout-flex wp-container-12 wp-block-columns-is-layout-flex\">\n<div class=\"wp-block-column is-layout-flow wp-block-column-is-layout-flow\" style=\"flex-basis:33.33%\">\n<p>Tips para no procrastinar.<\/p>\n\n\n\n<ul><li>Evita distracciones.<\/li><li>No planifiques en exceso.<\/li><li>Ten\u00e9 metas reales que puedas cumplir.<\/li><li>Aprende a decir que no.<\/li><li>Ponte l\u00edmites.<\/li><\/ul>\n<\/div>\n\n\n\n<div class=\"wp-block-column is-layout-flow wp-block-column-is-layout-flow\" style=\"flex-basis:66.66%\">\n<div class=\"wp-block-image\"><figure class=\"aligncenter size-full is-resized\"><img decoding=\"async\" loading=\"lazy\" src=\"https:\/\/virtual.unne.edu.ar\/SIED-UV\/wp-content\/uploads\/2021\/12\/02-83.png\" alt=\"\" class=\"wp-image-404\" width=\"374\" height=\"375\" srcset=\"https:\/\/virtual.unne.edu.ar\/SIED-UV\/wp-content\/uploads\/2021\/12\/02-83.png 748w, https:\/\/virtual.unne.edu.ar\/SIED-UV\/wp-content\/uploads\/2021\/12\/02-83-300x300.png 300w, https:\/\/virtual.unne.edu.ar\/SIED-UV\/wp-content\/uploads\/2021\/12\/02-83-150x150.png 150w\" sizes=\"(max-width: 374px) 100vw, 374px\" \/><figcaption>Fuente: Gemma Correl para Evernote<\/figcaption><\/figure><\/div>\n<\/div>\n<\/div>\n\n\n\n<h2 class=\"has-text-align-left has-text-color wp-block-heading\" style=\"color:#65b22e\">T\u00e9cnicas de relajaci\u00f3n.<\/h2>\n\n\n\n<p>Aprender a relajarse es una habilidad que mejora significativamente la actitud ante los conflictos o desaf\u00edos que se presentan en los distintos escenarios de la vida.<\/p>\n\n\n\n<p>La relajaci\u00f3n se puede utilizar voluntariamente en cualquier momento. Lo ideal es implementarla de forma habitual y no utilizarla solamente en los casos cr\u00edticos. Te puede proveer calma y mayor satisfacci\u00f3n en tu vida.<br>Podemos definir la relajaci\u00f3n como un estado caracterizado por la ausencia de tensi\u00f3n, es lo opuesto al estr\u00e9s. El estr\u00e9s ocurre cuando las demandas de nuestro entorno nos sobrepasan y no tenemos las estrategias\/herramientas suficientes para hacer frente o superar la situaci\u00f3n.<br>Las t\u00e9cnicas de relajaci\u00f3n son ejercicios dise\u00f1ados para reducir el estr\u00e9s. Estas t\u00e9cnicas se aprenden y deben practicarse cotidianamente para que nos puedan ser \u00fatiles y eficaces.<\/p>\n\n\n\n<div class=\"wp-block-columns is-layout-flex wp-container-15 wp-block-columns-is-layout-flex\">\n<div class=\"wp-block-column is-layout-flow wp-block-column-is-layout-flow\">\n<p>Para implementarlas ten\u00e9 en cuenta:<\/p>\n\n\n\n<ul><li>Busca un lugar donde est\u00e9 tranquilo y solo.<\/li><li>Acom\u00f3date en una postura que te sea c\u00f3moda, puede ser<br>sentado o acostado. <\/li><li>No lo hagas inmediatamente despu\u00e9s de comer. <\/li><li>Evita los pensamientos o recuerdos, concentrate solo en<br>ese momento presente.<\/li><li>Tu respiraci\u00f3n va a ser la clave para que logres relajarte.<br><\/li><\/ul>\n<\/div>\n\n\n\n<div class=\"wp-block-column is-layout-flow wp-block-column-is-layout-flow\">\n<div class=\"wp-block-image\"><figure class=\"aligncenter size-full is-resized\"><img decoding=\"async\" loading=\"lazy\" src=\"https:\/\/virtual.unne.edu.ar\/SIED-UV\/wp-content\/uploads\/2021\/12\/02-85.png\" alt=\"A mi me calma hacer la t\u00e9cnica de relajaci\u00f3n o meditar antes de los ex\u00e1menes.\" class=\"wp-image-405\" width=\"274\" height=\"351\" srcset=\"https:\/\/virtual.unne.edu.ar\/SIED-UV\/wp-content\/uploads\/2021\/12\/02-85.png 547w, https:\/\/virtual.unne.edu.ar\/SIED-UV\/wp-content\/uploads\/2021\/12\/02-85-234x300.png 234w\" sizes=\"(max-width: 274px) 100vw, 274px\" \/><\/figure><\/div>\n<\/div>\n<\/div>\n\n\n\n<p>Si bien hay muchas t\u00e9cnicas de relajaci\u00f3n te describimos de manera resumida dos para que puedas probarlas:<\/p>\n\n\n\n<p><\/p>\n\n\n\n<p class=\"has-medium-font-size\"><strong><em>Respiraci\u00f3n abdominal.<\/em><\/strong><\/p>\n\n\n\n<p>Esta t\u00e9cnica se basa en la respiraci\u00f3n mejorando la oxigenaci\u00f3n de todo el cuerpo. Normalizando el ritmo cardiaco y la presi\u00f3n sangu\u00ednea. Esta t\u00e9cnica es la indicada para s\u00edntomas de depresi\u00f3n, ansiedad e irritabilidad. Beneficia la  concentraci\u00f3n y el rendimiento.<br><\/p>\n\n\n\n<ul><li>Acostate sobre una superficie plana.<\/li><li>Coloca una mano sobre tu est\u00f3mago, encima del ombligo y tu otra mano en el pecho.<\/li><li>Llena tus pulmones de aire despacio haciendo que tu est\u00f3mago se levante de a poco,<br>intentando mantener el pecho en la misma posici\u00f3n.<\/li><li>Mantene la respiraci\u00f3n 5 segundos.<\/li><li>Exhala suavemente haciendo que tu est\u00f3mago regrese a la posici\u00f3n baja.<\/li><li>Repet\u00ed esta respiraci\u00f3n 5 veces.<\/li><\/ul>\n\n\n\n<div class=\"wp-block-image\"><figure class=\"aligncenter size-large is-resized\"><img decoding=\"async\" loading=\"lazy\" src=\"https:\/\/virtual.unne.edu.ar\/SIED-UV\/wp-content\/uploads\/2021\/12\/02-87-1024x270.png\" alt=\"imagen ilustrativa de inhalaci\u00f2n y exhalaci\u00f3n en la respiraci\u00f3n\" class=\"wp-image-406\" width=\"768\" height=\"203\" srcset=\"https:\/\/virtual.unne.edu.ar\/SIED-UV\/wp-content\/uploads\/2021\/12\/02-87-1024x270.png 1024w, https:\/\/virtual.unne.edu.ar\/SIED-UV\/wp-content\/uploads\/2021\/12\/02-87-300x79.png 300w, https:\/\/virtual.unne.edu.ar\/SIED-UV\/wp-content\/uploads\/2021\/12\/02-87-768x202.png 768w, https:\/\/virtual.unne.edu.ar\/SIED-UV\/wp-content\/uploads\/2021\/12\/02-87.png 1090w\" sizes=\"(max-width: 768px) 100vw, 768px\" \/><\/figure><\/div>\n\n\n\n<div style=\"height:21px\" aria-hidden=\"true\" class=\"wp-block-spacer\"><\/div>\n\n\n\n<p class=\"has-medium-font-size\"><strong><em>Muscular progresiva Jacobson<\/em><\/strong><\/p>\n\n\n\n<p>Conjunto de ejercicios mediante los cuales se tensan y relajan los distintos grupos musculares del cuerpo. El objetivo es ser consciente de cuando los m\u00fasculos est\u00e1n en tensi\u00f3n y cuando est\u00e1n en relajaci\u00f3n. Est\u00e1 indicado para personas que est\u00e9n atravesando por estr\u00e9s, insomnio y ansiedad.<br><\/p>\n\n\n\n<ul><li>Sentate en una silla, con la espalda recta y las manos sobre las piernas en una posici\u00f3n relajada.<\/li><li>Con los dos pies apoyados en el suelo.<\/li><li>Inhala profundamente llevando el aire a tu abdomen. Al exhalar, deja que tu cuerpo<br>empiece a relajarse.<\/li><li>Cierra los pu\u00f1os. Aprieta los antebrazos, los b\u00edceps y los pectorales. Mant\u00e9n esa tensi\u00f3n durante 7 segundos y afloja. Nota c\u00f3mo brazos y pecho se relajan.<\/li><li>Arruga la cara. Frunce el entrecejo, los ojos, los labios, aprieta la mand\u00edbula y encorva los hombros. Mant\u00e9n la posici\u00f3n 7 segundos y afloja, centr\u00e1ndote en las sensaciones que la relajaci\u00f3n te produce.<\/li><li>Inspira profundamente y arquea la espalda suavemente. Mant\u00e9n la postura 7 segundos y relaja.<\/li><li>Inhala profundamente y saca el abdomen, dejando que se hinche todo lo posible,<br>mant\u00e9n la posici\u00f3n 7 segundos y suelta. F\u00edjate bien en lo que notas en abdomen y<br>espalda al relajar.<\/li><li>Flexiona los pies y los dedos de los pies. Tensa los muslos, las pantorrillas y los gl\u00fateos. Mant\u00e9n la tensi\u00f3n durante 7 segundos y afloja.<\/li><li>Para terminar, estira los pies como una bailarina, a la vez que tensas muslo, gl\u00fateos y pantorrillas de nuevo. Pasados 7 segundos suelta y siente la relajaci\u00f3n.<\/li><\/ul>\n\n\n\n<div class=\"wp-block-image\"><figure class=\"aligncenter size-large is-resized\"><img decoding=\"async\" loading=\"lazy\" src=\"https:\/\/virtual.unne.edu.ar\/SIED-UV\/wp-content\/uploads\/2021\/12\/02-91-1024x708.png\" alt=\"imagen descriptiva de la posici\u00f3n de relajaci\u00f3n de distintas partes del cuerpo \" class=\"wp-image-407\" width=\"768\" height=\"531\" srcset=\"https:\/\/virtual.unne.edu.ar\/SIED-UV\/wp-content\/uploads\/2021\/12\/02-91-1024x708.png 1024w, https:\/\/virtual.unne.edu.ar\/SIED-UV\/wp-content\/uploads\/2021\/12\/02-91-300x208.png 300w, https:\/\/virtual.unne.edu.ar\/SIED-UV\/wp-content\/uploads\/2021\/12\/02-91-768x531.png 768w, https:\/\/virtual.unne.edu.ar\/SIED-UV\/wp-content\/uploads\/2021\/12\/02-91.png 1139w\" sizes=\"(max-width: 768px) 100vw, 768px\" \/><\/figure><\/div>\n","protected":false},"excerpt":{"rendered":"<p>Las emociones son reacciones que todos experimentamos: alegr\u00eda, tristeza, miedo, ira. Si bien son conocidas por todos no por eso dejan de tener complejidad. Aunque todos hemos sentido la ansiedad o el nerviosismo, no todos somos conscientes de que un mal manejo de estas emociones puede perjudicar nuestro desempe\u00f1o acad\u00e9mico. El autoconocimiento personal y la [&hellip;]<\/p>\n","protected":false},"featured_media":0,"parent":0,"template":"","categorias_uv_guias":[16,33],"acf":[],"_links":{"self":[{"href":"https:\/\/virtual.unne.edu.ar\/SIED-UV\/wp-json\/wp\/v2\/uv_guias\/395"}],"collection":[{"href":"https:\/\/virtual.unne.edu.ar\/SIED-UV\/wp-json\/wp\/v2\/uv_guias"}],"about":[{"href":"https:\/\/virtual.unne.edu.ar\/SIED-UV\/wp-json\/wp\/v2\/types\/uv_guias"}],"wp:attachment":[{"href":"https:\/\/virtual.unne.edu.ar\/SIED-UV\/wp-json\/wp\/v2\/media?parent=395"}],"wp:term":[{"taxonomy":"categorias_uv_guias","embeddable":true,"href":"https:\/\/virtual.unne.edu.ar\/SIED-UV\/wp-json\/wp\/v2\/categorias_uv_guias?post=395"}],"curies":[{"name":"wp","href":"https:\/\/api.w.org\/{rel}","templated":true}]}}