{"id":452,"date":"2022-02-22T11:32:41","date_gmt":"2022-02-22T14:32:41","guid":{"rendered":"https:\/\/virtual.unne.edu.ar\/SIED-UV\/?post_type=uv_guias&#038;p=452"},"modified":"2022-03-30T12:04:16","modified_gmt":"2022-03-30T15:04:16","slug":"de-que-forma-me-van-a-evaluar","status":"publish","type":"uv_guias","link":"https:\/\/virtual.unne.edu.ar\/SIED-UV\/uv_guias\/de-que-forma-me-van-a-evaluar\/","title":{"rendered":"\u00bfDe qu\u00e9 forma me van a EVALUAR?"},"content":{"rendered":"\n<p>La evaluaci\u00f3n es un<strong> proceso sistem\u00e1tico<\/strong> para documentar y medir el conocimiento, habilidades y actitudes.<\/p>\n\n\n\n<div class=\"wp-block-image\"><figure class=\"aligncenter size-full is-resized\"><img decoding=\"async\" loading=\"lazy\" src=\"https:\/\/virtual.unne.edu.ar\/SIED-UV\/wp-content\/uploads\/2022\/02\/04-1.png\" alt=\"Yo empec\u00e9 a afrontar y aprovechar mejor los ex\u00e1menes cuando me di cuenta que adem\u00e1s acercarme a\nmi meta de recibirme me ayudan a orientar mis estudios y a afianzar mis conocimientos.\" class=\"wp-image-453\" width=\"594\" height=\"294\" srcset=\"https:\/\/virtual.unne.edu.ar\/SIED-UV\/wp-content\/uploads\/2022\/02\/04-1.png 967w, https:\/\/virtual.unne.edu.ar\/SIED-UV\/wp-content\/uploads\/2022\/02\/04-1-300x149.png 300w, https:\/\/virtual.unne.edu.ar\/SIED-UV\/wp-content\/uploads\/2022\/02\/04-1-768x380.png 768w\" sizes=\"(max-width: 594px) 100vw, 594px\" \/><\/figure><\/div>\n\n\n\n<p><br>La <strong>evaluaci\u00f3n<\/strong> inicia a partir del primer contacto entre el docente y el estudiante, es decir a pesar de qu\u00e9 no tenga una nota o calificaci\u00f3n, el docente identifica el estilo del estudiante, los conocimientos que tienen, las actitudes, la participaci\u00f3n en las clases sincr\u00f3nicas, en los foros, las actividades presentadas y c\u00f3mo se dirige hacia el resto de los estudiantes. <\/p>\n\n\n\n<p>El docente desarrolla a partir de esta <strong>evaluaci\u00f3n constante<\/strong> un<strong> juicio de valor <\/strong>hacia el estudiante. Por eso es fundamental que tengas en cuenta los criterios de evaluaci\u00f3n de cada c\u00e1tedra que curses, ya que va a ser lo que el docente va a tener en cuenta, son las reglas del juego.<\/p>\n\n\n\n<div class=\"wp-block-image\"><figure class=\"aligncenter size-large is-resized\"><img decoding=\"async\" loading=\"lazy\" src=\"https:\/\/virtual.unne.edu.ar\/SIED-UV\/wp-content\/uploads\/2022\/02\/04-2-1024x292.png\" alt=\"- Cada vez que tengo un examen me da miedo.\n- Te aconsejo tomar el examen como una foto de como est\u00e1s ahora. Pero teniendo en cuenta que lo  importante es el camino recorrido para llegar a \u201cEsa foto\u201d.\nVamos a tener distintos fot\u00f3grafos y tambi\u00e9n diferentes angulares, esas son las formas que elige cada profe para evaluarnos. Pero la veradera intenci\u00f3n de la foto es demostrarnos a nosotros c\u00f3mo estamos y c\u00f3mo vamos.\" class=\"wp-image-454\" width=\"712\" height=\"202\" srcset=\"https:\/\/virtual.unne.edu.ar\/SIED-UV\/wp-content\/uploads\/2022\/02\/04-2-1024x292.png 1024w, https:\/\/virtual.unne.edu.ar\/SIED-UV\/wp-content\/uploads\/2022\/02\/04-2-300x85.png 300w, https:\/\/virtual.unne.edu.ar\/SIED-UV\/wp-content\/uploads\/2022\/02\/04-2-768x219.png 768w, https:\/\/virtual.unne.edu.ar\/SIED-UV\/wp-content\/uploads\/2022\/02\/04-2.png 1324w\" sizes=\"(max-width: 712px) 100vw, 712px\" \/><\/figure><\/div>\n\n\n\n<p>Para resumir, <strong>no se eval\u00faa solamente en instancias de evaluaci\u00f3n<\/strong> como ser los <a href=\"https:\/\/virtual.unne.edu.ar\/SIED-UV\/uv_guias\/instancias-de-evaluacion-los-examenes\/\">ex\u00e1menes parciales, trabajos pr\u00e1cticos o ex\u00e1menes finales<\/a>, por eso desde que empieces a cursar una c\u00e1tedra ten\u00e9 en cuenta y revisa tus comportamientos, tu participaci\u00f3n en clase, la forma en la que te expresas, tu participaci\u00f3n en el aula virtual, el cumplimiento de plazos, la manera en que interact\u00faas con los docentes de la c\u00e1tedra y con tus compa\u00f1eros.<\/p>\n\n\n\n<div class=\"wp-block-columns is-layout-flex wp-container-3 wp-block-columns-is-layout-flex\">\n<div class=\"wp-block-column is-layout-flow wp-block-column-is-layout-flow\" style=\"flex-basis:33.33%\"><\/div>\n\n\n\n<div class=\"wp-block-column is-layout-flow wp-block-column-is-layout-flow\" style=\"flex-basis:66.66%\">\n<p class=\"has-text-align-right has-text-color\" style=\"color:#ef9902\"><strong><em>La evaluaci\u00f3n es un proceso continuo que realiza el docente, se eval\u00faa constantemente tu desempe\u00f1o en la c\u00e1tedra\/ tu cursado (comportamiento, actitudes, respeto a los plazos y formas de expresarte) . <\/em><\/strong><\/p>\n\n\n\n<p class=\"has-text-align-right has-text-color\" style=\"color:#ef9902\"><strong><em>El examen es una instancia de evaluaci\u00f3n, es decir un momento de ese proceso de evaluaci\u00f3n. <\/em><\/strong><\/p>\n\n\n\n<p class=\"has-text-align-right has-text-color\" style=\"color:#ef9902\"><em><strong>El examen se mide por medio de una calificaci\u00f3n.<\/strong><\/em><\/p>\n<\/div>\n<\/div>\n\n\n\n<div class=\"wp-block-image\"><figure class=\"aligncenter size-large is-resized\"><img decoding=\"async\" loading=\"lazy\" src=\"https:\/\/virtual.unne.edu.ar\/SIED-UV\/wp-content\/uploads\/2022\/02\/04-03-1024x355.png\" alt=\"\" class=\"wp-image-457\" width=\"589\" height=\"204\" srcset=\"https:\/\/virtual.unne.edu.ar\/SIED-UV\/wp-content\/uploads\/2022\/02\/04-03-1024x355.png 1024w, https:\/\/virtual.unne.edu.ar\/SIED-UV\/wp-content\/uploads\/2022\/02\/04-03-300x104.png 300w, https:\/\/virtual.unne.edu.ar\/SIED-UV\/wp-content\/uploads\/2022\/02\/04-03-768x266.png 768w, https:\/\/virtual.unne.edu.ar\/SIED-UV\/wp-content\/uploads\/2022\/02\/04-03.png 1053w\" sizes=\"(max-width: 589px) 100vw, 589px\" \/><\/figure><\/div>\n\n\n\n<div style=\"height:38px\" aria-hidden=\"true\" class=\"wp-block-spacer\"><\/div>\n\n\n\n<h2 class=\"has-text-align-center has-blanco-color has-text-color has-background has-medium-font-size wp-block-heading\" style=\"background-color:#ebac00\">Qu\u00e9 instrumentos virtuales utilizan para evaluarme:<\/h2>\n\n\n\n<figure class=\"wp-block-table aligncenter is-style-stripes\"><table><thead><tr><th class=\"has-text-align-left\" data-align=\"left\">\u00bfC\u00f3mo?<\/th><th class=\"has-text-align-left\" data-align=\"left\">\u00bfCon qu\u00e9?<\/th><th>\u00bfQu\u00e9 me eval\u00faan?<\/th><\/tr><\/thead><tbody><tr><td class=\"has-text-align-left\" data-align=\"left\">A trav\u00e9s de preguntas, estudios de casos, an\u00e1lisis de material multimedia, simulaciones digitales y<br>en laboratorios reales, durante la ejecuci\u00f3n de actividades. <br><\/td><td class=\"has-text-align-left\" data-align=\"left\">Herramientas digitales que pueden estar siendo utilizadas en simult\u00e1neo con otros compa\u00f1eros  y profesores o en diferido desde mi computadora o celular, sin conexi\u00f3n a internet, producci\u00f3n que<br>presentar\u00e9 en otro momento. Principalmente a trav\u00e9s de las aulas virtuales como Moodle que mencionamos<br>anteriormente. <\/td><td>Trabajos pr\u00e1cticos, participaci\u00f3n en clases, participaci\u00f3n en foros, respetar los plazos,<br>las consignas, ex\u00e1menes iniciales, procesuales y finales. <\/td><\/tr><\/tbody><\/table><\/figure>\n\n\n\n<div class=\"wp-block-columns is-layout-flex wp-container-6 wp-block-columns-is-layout-flex\">\n<div class=\"wp-block-column is-layout-flow wp-block-column-is-layout-flow\" style=\"flex-basis:25%\">\n<div class=\"wp-block-image\"><figure class=\"alignright size-full is-resized\"><img decoding=\"async\" loading=\"lazy\" src=\"https:\/\/virtual.unne.edu.ar\/SIED-UV\/wp-content\/uploads\/2021\/12\/hacer-clic.png\" alt=\"VISITAR SITIO\" class=\"wp-image-299\" width=\"92\" height=\"92\" srcset=\"https:\/\/virtual.unne.edu.ar\/SIED-UV\/wp-content\/uploads\/2021\/12\/hacer-clic.png 512w, https:\/\/virtual.unne.edu.ar\/SIED-UV\/wp-content\/uploads\/2021\/12\/hacer-clic-300x300.png 300w, https:\/\/virtual.unne.edu.ar\/SIED-UV\/wp-content\/uploads\/2021\/12\/hacer-clic-150x150.png 150w\" sizes=\"(max-width: 92px) 100vw, 92px\" \/><\/figure><\/div>\n<\/div>\n\n\n\n<div class=\"wp-block-column is-vertically-aligned-center is-layout-flow wp-block-column-is-layout-flow\" style=\"flex-basis:66.66%\">\n<hr class=\"wp-block-separator has-text-color has-background is-style-wide\" style=\"background-color:#008f34;color:#008f34\"\/>\n\n\n\n<p class=\"has-text-color\" style=\"color:#0a704f\"><em><strong>(Ver punto 3 \u2018Recursero Tecnol\u00f3gico\u2019 de esta gu\u00eda)<\/strong><\/em><\/p>\n\n\n\n<hr class=\"wp-block-separator has-text-color has-background is-style-wide\" style=\"background-color:#0a704f;color:#0a704f\"\/>\n\n\n\n<p><\/p>\n<\/div>\n<\/div>\n\n\n\n<div class=\"wp-block-image\"><figure class=\"aligncenter size-large is-resized\"><img decoding=\"async\" loading=\"lazy\" src=\"https:\/\/virtual.unne.edu.ar\/SIED-UV\/wp-content\/uploads\/2022\/02\/04-04-2-1024x516.png\" alt=\"Nos eval\u00faan de distintas formas para que podamos desarrollar competencias \u00fatiles para nuestro futuro laboral y profesional.\" class=\"wp-image-462\" width=\"604\" height=\"304\" srcset=\"https:\/\/virtual.unne.edu.ar\/SIED-UV\/wp-content\/uploads\/2022\/02\/04-04-2-1024x516.png 1024w, https:\/\/virtual.unne.edu.ar\/SIED-UV\/wp-content\/uploads\/2022\/02\/04-04-2-300x151.png 300w, https:\/\/virtual.unne.edu.ar\/SIED-UV\/wp-content\/uploads\/2022\/02\/04-04-2-768x387.png 768w, https:\/\/virtual.unne.edu.ar\/SIED-UV\/wp-content\/uploads\/2022\/02\/04-04-2.png 1097w\" sizes=\"(max-width: 604px) 100vw, 604px\" \/><\/figure><\/div>\n\n\n\n<div class=\"wp-block-columns is-layout-flex wp-container-9 wp-block-columns-is-layout-flex\">\n<div class=\"wp-block-column is-vertically-aligned-top is-layout-flow wp-block-column-is-layout-flow\" style=\"flex-basis:20%\">\n<div class=\"wp-block-image\"><figure class=\"alignright size-full is-resized\"><img decoding=\"async\" loading=\"lazy\" src=\"https:\/\/virtual.unne.edu.ar\/SIED-UV\/wp-content\/uploads\/2021\/12\/neurona-1.png\" alt=\"\" class=\"wp-image-391\" width=\"91\" height=\"91\" srcset=\"https:\/\/virtual.unne.edu.ar\/SIED-UV\/wp-content\/uploads\/2021\/12\/neurona-1.png 512w, https:\/\/virtual.unne.edu.ar\/SIED-UV\/wp-content\/uploads\/2021\/12\/neurona-1-300x300.png 300w, https:\/\/virtual.unne.edu.ar\/SIED-UV\/wp-content\/uploads\/2021\/12\/neurona-1-150x150.png 150w\" sizes=\"(max-width: 91px) 100vw, 91px\" \/><\/figure><\/div>\n<\/div>\n\n\n\n<div class=\"wp-block-column is-vertically-aligned-top is-layout-flow wp-block-column-is-layout-flow\" style=\"flex-basis:80%\">\n<hr class=\"wp-block-separator has-text-color has-background is-style-wide\" style=\"background-color:#65b22e;color:#65b22e\"\/>\n\n\n\n<p><a href=\"https:\/\/virtual.unne.edu.ar\/SIED-UV\/uv_guias\/instancias-de-evaluacion-los-examenes\/\">Los ex\u00e1menes<\/a> como instancias de evaluaci\u00f3n.<\/p>\n\n\n\n<hr class=\"wp-block-separator has-text-color has-background is-style-wide\" style=\"background-color:#65b22e;color:#65b22e\"\/>\n<\/div>\n<\/div>\n","protected":false},"excerpt":{"rendered":"<p>La evaluaci\u00f3n es un proceso sistem\u00e1tico para documentar y medir el conocimiento, habilidades y actitudes. La evaluaci\u00f3n inicia a partir del primer contacto entre el docente y el estudiante, es decir a pesar de qu\u00e9 no tenga una nota o calificaci\u00f3n, el docente identifica el estilo del estudiante, los conocimientos que tienen, las actitudes, la [&hellip;]<\/p>\n","protected":false},"featured_media":0,"parent":0,"template":"","categorias_uv_guias":[16,34],"acf":[],"_links":{"self":[{"href":"https:\/\/virtual.unne.edu.ar\/SIED-UV\/wp-json\/wp\/v2\/uv_guias\/452"}],"collection":[{"href":"https:\/\/virtual.unne.edu.ar\/SIED-UV\/wp-json\/wp\/v2\/uv_guias"}],"about":[{"href":"https:\/\/virtual.unne.edu.ar\/SIED-UV\/wp-json\/wp\/v2\/types\/uv_guias"}],"wp:attachment":[{"href":"https:\/\/virtual.unne.edu.ar\/SIED-UV\/wp-json\/wp\/v2\/media?parent=452"}],"wp:term":[{"taxonomy":"categorias_uv_guias","embeddable":true,"href":"https:\/\/virtual.unne.edu.ar\/SIED-UV\/wp-json\/wp\/v2\/categorias_uv_guias?post=452"}],"curies":[{"name":"wp","href":"https:\/\/api.w.org\/{rel}","templated":true}]}}